{"id":6127,"date":"2024-02-07T21:31:56","date_gmt":"2024-02-07T21:31:56","guid":{"rendered":"https:\/\/petiteslanternes.org\/?page_id=6127"},"modified":"2025-01-16T15:17:02","modified_gmt":"2025-01-16T15:17:02","slug":"impact","status":"publish","type":"page","link":"https:\/\/petiteslanternes.org\/en\/impact\/","title":{"rendered":"Impact"},"content":{"rendered":"[vc_row type=&#8221;full_width_background&#8221; full_screen_row_position=&#8221;middle&#8221; column_margin=&#8221;default&#8221; column_direction=&#8221;default&#8221; column_direction_tablet=&#8221;default&#8221; column_direction_phone=&#8221;default&#8221; bg_image=&#8221;168&#8243; bg_position=&#8221;left top&#8221; background_image_loading=&#8221;default&#8221; bg_repeat=&#8221;no-repeat&#8221; scene_position=&#8221;center&#8221; top_padding=&#8221;140px&#8221; bottom_padding=&#8221;40px&#8221; text_color=&#8221;dark&#8221; text_align=&#8221;left&#8221; row_border_radius=&#8221;none&#8221; row_border_radius_applies=&#8221;bg&#8221; overflow=&#8221;visible&#8221; overlay_strength=&#8221;0.3&#8243; gradient_direction=&#8221;left_to_right&#8221; shape_divider_position=&#8221;bottom&#8221; bg_image_animation=&#8221;none&#8221; gradient_type=&#8221;default&#8221; shape_type=&#8221;&#8221;][vc_column column_padding=&#8221;no-extra-padding&#8221; column_padding_tablet=&#8221;inherit&#8221; column_padding_phone=&#8221;inherit&#8221; column_padding_position=&#8221;all&#8221; column_element_direction_desktop=&#8221;default&#8221; column_element_spacing=&#8221;default&#8221; desktop_text_alignment=&#8221;default&#8221; tablet_text_alignment=&#8221;default&#8221; phone_text_alignment=&#8221;default&#8221; background_color_opacity=&#8221;1&#8243; background_hover_color_opacity=&#8221;1&#8243; column_backdrop_filter=&#8221;none&#8221; column_shadow=&#8221;none&#8221; column_border_radius=&#8221;none&#8221; column_link_target=&#8221;_self&#8221; column_position=&#8221;default&#8221; gradient_direction=&#8221;left_to_right&#8221; overlay_strength=&#8221;0.3&#8243; width=&#8221;1\/1&#8243; tablet_width_inherit=&#8221;default&#8221; animation_type=&#8221;default&#8221; bg_image_animation=&#8221;none&#8221; border_type=&#8221;simple&#8221; column_border_width=&#8221;none&#8221; column_border_style=&#8221;solid&#8221;][vc_column_text text_direction=&#8221;default&#8221;]\n<h2><span style=\"color: #580c32;\">Our Impact<\/span><\/h2>\n[\/vc_column_text][\/vc_column][\/vc_row][vc_row type=&#8221;in_container&#8221; full_screen_row_position=&#8221;middle&#8221; column_margin=&#8221;default&#8221; column_direction=&#8221;default&#8221; column_direction_tablet=&#8221;default&#8221; column_direction_phone=&#8221;default&#8221; scene_position=&#8221;center&#8221; text_color=&#8221;dark&#8221; text_align=&#8221;left&#8221; row_border_radius=&#8221;none&#8221; row_border_radius_applies=&#8221;bg&#8221; overflow=&#8221;visible&#8221; class=&#8221;magik-divider&#8221; overlay_strength=&#8221;0.3&#8243; gradient_direction=&#8221;left_to_right&#8221; shape_divider_position=&#8221;bottom&#8221; bg_image_animation=&#8221;none&#8221; gradient_type=&#8221;default&#8221; shape_type=&#8221;&#8221;][vc_column column_padding=&#8221;no-extra-padding&#8221; column_padding_tablet=&#8221;inherit&#8221; column_padding_phone=&#8221;inherit&#8221; column_padding_position=&#8221;all&#8221; column_element_direction_desktop=&#8221;default&#8221; column_element_spacing=&#8221;default&#8221; desktop_text_alignment=&#8221;default&#8221; tablet_text_alignment=&#8221;default&#8221; phone_text_alignment=&#8221;default&#8221; background_color_opacity=&#8221;1&#8243; background_hover_color_opacity=&#8221;1&#8243; column_backdrop_filter=&#8221;none&#8221; column_shadow=&#8221;none&#8221; column_border_radius=&#8221;none&#8221; column_link_target=&#8221;_self&#8221; column_position=&#8221;default&#8221; gradient_direction=&#8221;left_to_right&#8221; overlay_strength=&#8221;0.3&#8243; width=&#8221;1\/1&#8243; tablet_width_inherit=&#8221;default&#8221; animation_type=&#8221;default&#8221; bg_image_animation=&#8221;none&#8221; border_type=&#8221;simple&#8221; column_border_width=&#8221;none&#8221; column_border_style=&#8221;solid&#8221;][divider line_type=&#8221;Full Width Line&#8221; line_thickness=&#8221;1&#8243; divider_color=&#8221;extra-color-3&#8243;][\/vc_column][\/vc_row][vc_row type=&#8221;in_container&#8221; full_screen_row_position=&#8221;middle&#8221; column_margin=&#8221;default&#8221; column_direction=&#8221;default&#8221; column_direction_tablet=&#8221;default&#8221; column_direction_phone=&#8221;default&#8221; scene_position=&#8221;center&#8221; text_color=&#8221;dark&#8221; text_align=&#8221;left&#8221; row_border_radius=&#8221;none&#8221; row_border_radius_applies=&#8221;bg&#8221; overflow=&#8221;visible&#8221; overlay_strength=&#8221;0.3&#8243; gradient_direction=&#8221;left_to_right&#8221; shape_divider_position=&#8221;bottom&#8221; bg_image_animation=&#8221;none&#8221;][vc_column column_padding=&#8221;no-extra-padding&#8221; column_padding_tablet=&#8221;inherit&#8221; column_padding_phone=&#8221;inherit&#8221; column_padding_position=&#8221;all&#8221; column_element_direction_desktop=&#8221;default&#8221; column_element_spacing=&#8221;default&#8221; desktop_text_alignment=&#8221;default&#8221; tablet_text_alignment=&#8221;default&#8221; phone_text_alignment=&#8221;default&#8221; background_color_opacity=&#8221;1&#8243; background_hover_color_opacity=&#8221;1&#8243; column_backdrop_filter=&#8221;none&#8221; column_shadow=&#8221;none&#8221; column_border_radius=&#8221;none&#8221; column_link_target=&#8221;_self&#8221; column_position=&#8221;default&#8221; el_class=&#8221;hero-subtitle&#8221; gradient_direction=&#8221;left_to_right&#8221; overlay_strength=&#8221;0.3&#8243; width=&#8221;1\/1&#8243; tablet_width_inherit=&#8221;default&#8221; animation_type=&#8221;default&#8221; bg_image_animation=&#8221;none&#8221; border_type=&#8221;simple&#8221; column_border_width=&#8221;none&#8221; column_border_style=&#8221;solid&#8221; column_padding_type=&#8221;default&#8221; gradient_type=&#8221;default&#8221; offset=&#8221;vc_col-md-offset-2 vc_col-md-10&#8243;]<div class=\"iwithtext\"><div class=\"iwt-icon\"> <img decoding=\"async\" src=\"https:\/\/petiteslanternes.org\/wp-content\/uploads\/2024\/01\/Fleche-Mauve-300x206.png\" alt=\"\" \/> <\/div><div class=\"iwt-text\"> <span style=\"color: #580c32;\">Our creations are driven BY PEOPLE<\/span> <\/div><div class=\"clear\"><\/div><\/div>[\/vc_column][\/vc_row][vc_row type=&#8221;in_container&#8221; full_screen_row_position=&#8221;middle&#8221; column_margin=&#8221;default&#8221; column_direction=&#8221;default&#8221; column_direction_tablet=&#8221;default&#8221; column_direction_phone=&#8221;default&#8221; scene_position=&#8221;center&#8221; top_padding=&#8221;20px&#8221; text_color=&#8221;dark&#8221; text_align=&#8221;left&#8221; row_border_radius=&#8221;none&#8221; row_border_radius_applies=&#8221;bg&#8221; overflow=&#8221;visible&#8221; overlay_strength=&#8221;0.3&#8243; gradient_direction=&#8221;left_to_right&#8221; shape_divider_position=&#8221;bottom&#8221; bg_image_animation=&#8221;none&#8221; gradient_type=&#8221;default&#8221; shape_type=&#8221;&#8221;][vc_column column_padding=&#8221;no-extra-padding&#8221; column_padding_tablet=&#8221;inherit&#8221; column_padding_phone=&#8221;inherit&#8221; column_padding_position=&#8221;all&#8221; column_element_direction_desktop=&#8221;default&#8221; column_element_spacing=&#8221;default&#8221; desktop_text_alignment=&#8221;default&#8221; tablet_text_alignment=&#8221;default&#8221; phone_text_alignment=&#8221;default&#8221; background_color_opacity=&#8221;1&#8243; background_hover_color_opacity=&#8221;1&#8243; column_backdrop_filter=&#8221;none&#8221; column_shadow=&#8221;none&#8221; column_border_radius=&#8221;none&#8221; column_link_target=&#8221;_self&#8221; column_position=&#8221;default&#8221; gradient_direction=&#8221;left_to_right&#8221; overlay_strength=&#8221;0.3&#8243; width=&#8221;1\/1&#8243; tablet_width_inherit=&#8221;default&#8221; animation_type=&#8221;default&#8221; bg_image_animation=&#8221;none&#8221; border_type=&#8221;simple&#8221; column_border_width=&#8221;none&#8221; column_border_style=&#8221;solid&#8221; column_padding_type=&#8221;default&#8221; gradient_type=&#8221;default&#8221; offset=&#8221;vc_col-md-offset-2 vc_col-md-10&#8243;][vc_column_text text_direction=&#8221;default&#8221;]<span style=\"font-weight: 400;\">The Petites Lanternes (PL) company creates theatrical experiences for all audiences that deconstruct the everyday, bringing joy and meaning to our fleeting lives. Active in Quebec, across Canada, and internationally, our team leads artistic collaborations open to citizen participation, whether for short-term projects or ongoing initiatives. In the Eastern Townships, we are strengthening our regional roots to develop a distinct and committed artistic identity. Convinced that the arts play an essential role in social ecology, the PL company ensures that its creations enrich the lives of individuals and communities, fostering well-being and connection.<\/span>[\/vc_column_text][\/vc_column][\/vc_row][vc_row type=&#8221;full_width_background&#8221; full_screen_row_position=&#8221;middle&#8221; column_margin=&#8221;default&#8221; column_direction=&#8221;default&#8221; column_direction_tablet=&#8221;default&#8221; column_direction_phone=&#8221;default&#8221; scene_position=&#8221;center&#8221; top_padding=&#8221;60px&#8221; bottom_padding=&#8221;40px&#8221; top_padding_tablet=&#8221;100px&#8221; bottom_padding_tablet=&#8221;100px&#8221; text_color=&#8221;dark&#8221; text_align=&#8221;left&#8221; row_border_radius=&#8221;none&#8221; row_border_radius_applies=&#8221;bg&#8221; overflow=&#8221;visible&#8221; class=&#8221;magik-divider tpl-soutenir bg-contain&#8221; overlay_strength=&#8221;0.3&#8243; gradient_direction=&#8221;top_to_bottom&#8221; shape_divider_position=&#8221;bottom&#8221; bg_image_animation=&#8221;none&#8221; gradient_type=&#8221;default&#8221; shape_type=&#8221;&#8221;][vc_column column_padding=&#8221;no-extra-padding&#8221; column_padding_tablet=&#8221;inherit&#8221; column_padding_phone=&#8221;inherit&#8221; column_padding_position=&#8221;all&#8221; column_element_direction_desktop=&#8221;default&#8221; column_element_spacing=&#8221;default&#8221; desktop_text_alignment=&#8221;default&#8221; tablet_text_alignment=&#8221;default&#8221; phone_text_alignment=&#8221;default&#8221; background_color_opacity=&#8221;1&#8243; background_hover_color_opacity=&#8221;1&#8243; column_backdrop_filter=&#8221;none&#8221; column_shadow=&#8221;none&#8221; column_border_radius=&#8221;none&#8221; column_link_target=&#8221;_self&#8221; column_position=&#8221;default&#8221; gradient_direction=&#8221;left_to_right&#8221; overlay_strength=&#8221;0.3&#8243; width=&#8221;1\/1&#8243; tablet_width_inherit=&#8221;default&#8221; animation_type=&#8221;default&#8221; bg_image_animation=&#8221;none&#8221; border_type=&#8221;simple&#8221; column_border_width=&#8221;none&#8221; column_border_style=&#8221;solid&#8221;][vc_column_text text_direction=&#8221;default&#8221;]\n<h2><span style=\"color: #580c32;\"><b>Awards and distinctions<\/b><\/span><\/h2>\n[\/vc_column_text][divider line_type=&#8221;Full Width Line&#8221; line_thickness=&#8221;1&#8243; divider_color=&#8221;extra-color-3&#8243;][\/vc_column][\/vc_row][vc_row type=&#8221;full_width_background&#8221; full_screen_row_position=&#8221;middle&#8221; column_margin=&#8221;default&#8221; column_direction=&#8221;default&#8221; column_direction_tablet=&#8221;default&#8221; column_direction_phone=&#8221;default&#8221; bg_image=&#8221;278&#8243; bg_position=&#8221;left top&#8221; background_image_loading=&#8221;default&#8221; bg_repeat=&#8221;no-repeat&#8221; scene_position=&#8221;center&#8221; bottom_padding=&#8221;80px&#8221; text_color=&#8221;dark&#8221; text_align=&#8221;left&#8221; row_border_radius=&#8221;none&#8221; row_border_radius_applies=&#8221;bg&#8221; overflow=&#8221;visible&#8221; overlay_strength=&#8221;0.3&#8243; gradient_direction=&#8221;left_to_right&#8221; shape_divider_position=&#8221;bottom&#8221; bg_image_animation=&#8221;none&#8221; gradient_type=&#8221;default&#8221; shape_type=&#8221;&#8221;][vc_column column_padding=&#8221;no-extra-padding&#8221; column_padding_tablet=&#8221;inherit&#8221; column_padding_phone=&#8221;inherit&#8221; column_padding_position=&#8221;all&#8221; column_element_direction_desktop=&#8221;default&#8221; column_element_spacing=&#8221;default&#8221; desktop_text_alignment=&#8221;default&#8221; tablet_text_alignment=&#8221;default&#8221; phone_text_alignment=&#8221;default&#8221; background_color_opacity=&#8221;1&#8243; background_hover_color_opacity=&#8221;1&#8243; column_backdrop_filter=&#8221;none&#8221; column_shadow=&#8221;none&#8221; column_border_radius=&#8221;none&#8221; column_link_target=&#8221;_self&#8221; column_position=&#8221;default&#8221; gradient_direction=&#8221;left_to_right&#8221; overlay_strength=&#8221;0.3&#8243; width=&#8221;1\/1&#8243; tablet_width_inherit=&#8221;default&#8221; animation_type=&#8221;default&#8221; bg_image_animation=&#8221;none&#8221; border_type=&#8221;simple&#8221; column_border_width=&#8221;none&#8221; column_border_style=&#8221;solid&#8221; column_padding_type=&#8221;default&#8221; gradient_type=&#8221;default&#8221; offset=&#8221;vc_col-md-offset-2 vc_col-md-10&#8243;][vc_row_inner equal_height=&#8221;yes&#8221; content_placement=&#8221;middle&#8221; column_margin=&#8221;default&#8221; column_direction=&#8221;default&#8221; column_direction_tablet=&#8221;default&#8221; column_direction_phone=&#8221;default&#8221; text_align=&#8221;left&#8221; row_position=&#8221;default&#8221; row_position_tablet=&#8221;inherit&#8221; row_position_phone=&#8221;inherit&#8221; overflow=&#8221;visible&#8221; pointer_events=&#8221;all&#8221;][vc_column_inner top_padding_desktop=&#8221;20px&#8221; constrain_group_100=&#8221;yes&#8221; bottom_padding_desktop=&#8221;20px&#8221; left_padding_desktop=&#8221;20px&#8221; constrain_group_101=&#8221;yes&#8221; right_padding_desktop=&#8221;20px&#8221; column_element_direction_desktop=&#8221;default&#8221; column_element_spacing=&#8221;default&#8221; desktop_text_alignment=&#8221;default&#8221; tablet_text_alignment=&#8221;default&#8221; phone_text_alignment=&#8221;default&#8221; background_color=&#8221;#fafafa&#8221; background_color_opacity=&#8221;1&#8243; background_hover_color_opacity=&#8221;1&#8243; column_backdrop_filter=&#8221;none&#8221; column_shadow=&#8221;none&#8221; column_border_radius=&#8221;none&#8221; column_link_target=&#8221;_self&#8221; overflow=&#8221;visible&#8221; gradient_direction=&#8221;left_to_right&#8221; overlay_strength=&#8221;0.3&#8243; width=&#8221;1\/3&#8243; tablet_width_inherit=&#8221;default&#8221; animation_type=&#8221;default&#8221; bg_image_animation=&#8221;none&#8221; border_type=&#8221;simple&#8221; column_border_width=&#8221;none&#8221; column_border_style=&#8221;solid&#8221; column_padding_type=&#8221;advanced&#8221; gradient_type=&#8221;default&#8221;][vc_column_text text_direction=&#8221;default&#8221;]2022<br \/>\n<strong>Laureate Artist in the community<\/strong><\/p>\n<p><span style=\"font-weight: 400;\">Award presented to Kristelle Holliday by the Conseil des arts et des lettres du Qu\u00e9bec as part of the Prix Les Arts et la ville for the <\/span><i><span style=\"font-weight: 400;\">Quatre-Quarts<\/span><\/i><span style=\"font-weight: 400;\"> project.<\/span>[\/vc_column_text][\/vc_column_inner][vc_column_inner top_padding_desktop=&#8221;20px&#8221; constrain_group_100=&#8221;yes&#8221; bottom_padding_desktop=&#8221;20px&#8221; left_padding_desktop=&#8221;20px&#8221; constrain_group_101=&#8221;yes&#8221; right_padding_desktop=&#8221;20px&#8221; column_element_direction_desktop=&#8221;default&#8221; column_element_spacing=&#8221;default&#8221; desktop_text_alignment=&#8221;default&#8221; tablet_text_alignment=&#8221;default&#8221; phone_text_alignment=&#8221;default&#8221; background_color=&#8221;#fafafa&#8221; background_color_opacity=&#8221;1&#8243; background_hover_color_opacity=&#8221;1&#8243; column_backdrop_filter=&#8221;none&#8221; column_shadow=&#8221;none&#8221; column_border_radius=&#8221;none&#8221; column_link_target=&#8221;_self&#8221; overflow=&#8221;visible&#8221; gradient_direction=&#8221;left_to_right&#8221; overlay_strength=&#8221;0.3&#8243; width=&#8221;1\/3&#8243; tablet_width_inherit=&#8221;default&#8221; animation_type=&#8221;default&#8221; bg_image_animation=&#8221;none&#8221; border_type=&#8221;simple&#8221; column_border_width=&#8221;none&#8221; column_border_style=&#8221;solid&#8221; column_padding_type=&#8221;advanced&#8221; gradient_type=&#8221;default&#8221;][vc_column_text text_direction=&#8221;default&#8221;]2022<br \/>\n<strong>Commemorative plaque<\/strong><\/p>\n<p><span style=\"font-weight: 400;\">Ang\u00e8le S\u00e9guin received a commemorative plaque from The Royal Canadian Legion &#8211; Branch 10 for the<\/span><i><span style=\"font-weight: 400;\"> Monarchs Project<\/span><\/i><span style=\"font-weight: 400;\">.<\/span>[\/vc_column_text][\/vc_column_inner][vc_column_inner top_padding_desktop=&#8221;20px&#8221; constrain_group_100=&#8221;yes&#8221; bottom_padding_desktop=&#8221;20px&#8221; left_padding_desktop=&#8221;20px&#8221; constrain_group_101=&#8221;yes&#8221; right_padding_desktop=&#8221;20px&#8221; column_element_direction_desktop=&#8221;default&#8221; column_element_spacing=&#8221;default&#8221; desktop_text_alignment=&#8221;default&#8221; tablet_text_alignment=&#8221;default&#8221; phone_text_alignment=&#8221;default&#8221; background_color=&#8221;#fafafa&#8221; background_color_opacity=&#8221;1&#8243; background_hover_color_opacity=&#8221;1&#8243; column_backdrop_filter=&#8221;none&#8221; column_shadow=&#8221;none&#8221; column_border_radius=&#8221;none&#8221; column_link_target=&#8221;_self&#8221; overflow=&#8221;visible&#8221; gradient_direction=&#8221;left_to_right&#8221; overlay_strength=&#8221;0.3&#8243; width=&#8221;1\/3&#8243; tablet_width_inherit=&#8221;default&#8221; animation_type=&#8221;default&#8221; bg_image_animation=&#8221;none&#8221; border_type=&#8221;simple&#8221; column_border_width=&#8221;none&#8221; column_border_style=&#8221;solid&#8221; column_padding_type=&#8221;advanced&#8221; gradient_type=&#8221;default&#8221;][vc_column_text text_direction=&#8221;default&#8221;]2019<\/p>\n<p><strong>Finalist for the<\/strong><\/p>\n<p><strong>Prix Charles-Biddle<\/strong><\/p>\n<p><span style=\"font-weight: 400;\">Kristelle Holliday is nominated for the regional component of the Prix Charles-Biddle presented by Culture pour tous.<\/span>[\/vc_column_text][\/vc_column_inner][\/vc_row_inner][vc_row_inner equal_height=&#8221;yes&#8221; content_placement=&#8221;middle&#8221; column_margin=&#8221;default&#8221; column_direction=&#8221;default&#8221; column_direction_tablet=&#8221;default&#8221; column_direction_phone=&#8221;default&#8221; text_align=&#8221;left&#8221; row_position=&#8221;default&#8221; row_position_tablet=&#8221;inherit&#8221; row_position_phone=&#8221;inherit&#8221; overflow=&#8221;visible&#8221; pointer_events=&#8221;all&#8221;][vc_column_inner top_padding_desktop=&#8221;20px&#8221; constrain_group_100=&#8221;yes&#8221; bottom_padding_desktop=&#8221;20px&#8221; left_padding_desktop=&#8221;20px&#8221; constrain_group_101=&#8221;yes&#8221; right_padding_desktop=&#8221;20px&#8221; column_element_direction_desktop=&#8221;default&#8221; column_element_spacing=&#8221;default&#8221; desktop_text_alignment=&#8221;default&#8221; tablet_text_alignment=&#8221;default&#8221; phone_text_alignment=&#8221;default&#8221; background_color=&#8221;#fafafa&#8221; background_color_opacity=&#8221;1&#8243; background_hover_color_opacity=&#8221;1&#8243; column_backdrop_filter=&#8221;none&#8221; column_shadow=&#8221;none&#8221; column_border_radius=&#8221;none&#8221; column_link_target=&#8221;_self&#8221; overflow=&#8221;visible&#8221; gradient_direction=&#8221;left_to_right&#8221; overlay_strength=&#8221;0.3&#8243; width=&#8221;1\/3&#8243; tablet_width_inherit=&#8221;default&#8221; animation_type=&#8221;default&#8221; bg_image_animation=&#8221;none&#8221; border_type=&#8221;simple&#8221; column_border_width=&#8221;none&#8221; column_border_style=&#8221;solid&#8221; column_padding_type=&#8221;advanced&#8221; gradient_type=&#8221;default&#8221;][vc_column_text text_direction=&#8221;default&#8221;]2019<br \/>\n<strong>Conseil de la culture de l&#8217;Estrie Cultural Development Award<\/strong><\/p>\n<p><span style=\"font-weight: 400;\">Awarded to Th\u00e9\u00e2tre des Petites Lanternes for the <\/span><i><span style=\"font-weight: 400;\">Rivi\u00e8res de Lumi\u00e8res<\/span><\/i><span style=\"font-weight: 400;\"> festival. The<\/span><a href=\"https:\/\/www.facebook.com\/CultureEstrie\/\"> <span style=\"font-weight: 400;\">Conseil de la culture de l&#8217;Estrie<\/span><\/a><span style=\"font-weight: 400;\"> Cultural Development Award is sponsored by the<\/span><a href=\"https:\/\/www.facebook.com\/CDEC.de.Sherbrooke\/\"> <span style=\"font-weight: 400;\">CDEC de Sherbrooke<\/span><\/a><span style=\"font-weight: 400;\"> and<\/span><a href=\"https:\/\/www.facebook.com\/SNestrie\/\"> <span style=\"font-weight: 400;\">Soci\u00e9t\u00e9 nationale de l&#8217;Estrie<\/span><\/a><span style=\"font-weight: 400;\">.<\/span>[\/vc_column_text][\/vc_column_inner][vc_column_inner top_padding_desktop=&#8221;20px&#8221; constrain_group_100=&#8221;yes&#8221; bottom_padding_desktop=&#8221;20px&#8221; left_padding_desktop=&#8221;20px&#8221; constrain_group_101=&#8221;yes&#8221; right_padding_desktop=&#8221;20px&#8221; column_element_direction_desktop=&#8221;default&#8221; column_element_spacing=&#8221;default&#8221; desktop_text_alignment=&#8221;default&#8221; tablet_text_alignment=&#8221;default&#8221; phone_text_alignment=&#8221;default&#8221; background_color=&#8221;#fafafa&#8221; background_color_opacity=&#8221;1&#8243; background_hover_color_opacity=&#8221;1&#8243; column_backdrop_filter=&#8221;none&#8221; column_shadow=&#8221;none&#8221; column_border_radius=&#8221;none&#8221; column_link_target=&#8221;_self&#8221; overflow=&#8221;visible&#8221; gradient_direction=&#8221;left_to_right&#8221; overlay_strength=&#8221;0.3&#8243; width=&#8221;1\/3&#8243; tablet_width_inherit=&#8221;default&#8221; animation_type=&#8221;default&#8221; bg_image_animation=&#8221;none&#8221; border_type=&#8221;simple&#8221; column_border_width=&#8221;none&#8221; column_border_style=&#8221;solid&#8221; column_padding_type=&#8221;advanced&#8221; gradient_type=&#8221;default&#8221;][vc_column_text text_direction=&#8221;default&#8221;]2019<br \/>\n<strong>M\u00e9rite Estrien<\/strong><\/p>\n<p><span style=\"font-weight: 400;\">This distinction is awarded to Kristelle Holliday for her outstanding achievements as general manager and co-artistic director of Th\u00e9\u00e2tre des Petites Lanternes.<\/span>[\/vc_column_text][\/vc_column_inner][vc_column_inner top_padding_desktop=&#8221;20px&#8221; constrain_group_100=&#8221;yes&#8221; bottom_padding_desktop=&#8221;20px&#8221; left_padding_desktop=&#8221;20px&#8221; constrain_group_101=&#8221;yes&#8221; right_padding_desktop=&#8221;20px&#8221; column_element_direction_desktop=&#8221;default&#8221; column_element_spacing=&#8221;default&#8221; desktop_text_alignment=&#8221;default&#8221; tablet_text_alignment=&#8221;default&#8221; phone_text_alignment=&#8221;default&#8221; background_color=&#8221;#fafafa&#8221; background_color_opacity=&#8221;1&#8243; background_hover_color_opacity=&#8221;1&#8243; column_backdrop_filter=&#8221;none&#8221; column_shadow=&#8221;none&#8221; column_border_radius=&#8221;none&#8221; column_link_target=&#8221;_self&#8221; overflow=&#8221;visible&#8221; gradient_direction=&#8221;left_to_right&#8221; overlay_strength=&#8221;0.3&#8243; width=&#8221;1\/3&#8243; tablet_width_inherit=&#8221;default&#8221; animation_type=&#8221;default&#8221; bg_image_animation=&#8221;none&#8221; border_type=&#8221;simple&#8221; column_border_width=&#8221;none&#8221; column_border_style=&#8221;solid&#8221; column_padding_type=&#8221;advanced&#8221; gradient_type=&#8221;default&#8221;][vc_column_text text_direction=&#8221;default&#8221;]2018<br \/>\n<strong>Hector Fabre Prize<\/strong><\/p>\n<p><span style=\"font-weight: 400;\">Awarded at the Th\u00e9\u00e2tre des Petites Lanternes on June 18, 2019. This award recognizes the boldness and determination of Quebec organizations or individuals who have gained international recognition for their notable contribution to the development of their region<\/span>[\/vc_column_text][\/vc_column_inner][\/vc_row_inner][vc_row_inner equal_height=&#8221;yes&#8221; content_placement=&#8221;middle&#8221; column_margin=&#8221;default&#8221; column_direction=&#8221;default&#8221; column_direction_tablet=&#8221;default&#8221; column_direction_phone=&#8221;default&#8221; text_align=&#8221;left&#8221; row_position=&#8221;default&#8221; row_position_tablet=&#8221;inherit&#8221; row_position_phone=&#8221;inherit&#8221; overflow=&#8221;visible&#8221; pointer_events=&#8221;all&#8221;][vc_column_inner top_padding_desktop=&#8221;20px&#8221; constrain_group_100=&#8221;yes&#8221; bottom_padding_desktop=&#8221;20px&#8221; left_padding_desktop=&#8221;20px&#8221; constrain_group_101=&#8221;yes&#8221; right_padding_desktop=&#8221;20px&#8221; column_element_direction_desktop=&#8221;default&#8221; column_element_spacing=&#8221;default&#8221; desktop_text_alignment=&#8221;default&#8221; tablet_text_alignment=&#8221;default&#8221; phone_text_alignment=&#8221;default&#8221; background_color=&#8221;#fafafa&#8221; background_color_opacity=&#8221;1&#8243; background_hover_color_opacity=&#8221;1&#8243; column_backdrop_filter=&#8221;none&#8221; column_shadow=&#8221;none&#8221; column_border_radius=&#8221;none&#8221; column_link_target=&#8221;_self&#8221; overflow=&#8221;visible&#8221; gradient_direction=&#8221;left_to_right&#8221; overlay_strength=&#8221;0.3&#8243; width=&#8221;1\/3&#8243; tablet_width_inherit=&#8221;default&#8221; animation_type=&#8221;default&#8221; bg_image_animation=&#8221;none&#8221; border_type=&#8221;simple&#8221; column_border_width=&#8221;none&#8221; column_border_style=&#8221;solid&#8221; column_padding_type=&#8221;advanced&#8221; gradient_type=&#8221;default&#8221;][vc_column_text text_direction=&#8221;default&#8221;]2017<br \/>\n<strong>Andr\u00e9e-Daigle Citizen of Culture Award<\/strong><\/p>\n<p><span style=\"font-weight: 400;\">Th\u00e9\u00e2tre des Petites Lanternes was awarded the<\/span><a href=\"http:\/\/www.arts-ville.org\/cat\/prix\/citoyen-de-la-culture-andree-daigle\/\"><span style=\"font-weight: 400;\"> 2017 Citoyen de la culture Andr\u00e9e-Daigle<\/span><\/a><span style=\"font-weight: 400;\"> prize at the 30th annual colloquium of the<\/span><a href=\"http:\/\/www.arts-ville.org\/\"><span style=\"font-weight: 400;\"> Les Arts et la Ville<\/span><\/a><span style=\"font-weight: 400;\"> network for the project done in partnership with the MRC du Granit that led to the creation of the work <\/span><i><span style=\"font-weight: 400;\">Comme un grand trou dans le ventre<\/span><\/i><span style=\"font-weight: 400;\">. The purpose of this award is to raise public awareness of the commitment of cultural and community organizations that are partners in local development. It highlights the commitment of cultural or community organizations to innovative approaches to citizen participation that have a real impact on the community or social life of local communities.<\/span>[\/vc_column_text][\/vc_column_inner][vc_column_inner top_padding_desktop=&#8221;20px&#8221; constrain_group_100=&#8221;yes&#8221; bottom_padding_desktop=&#8221;20px&#8221; left_padding_desktop=&#8221;20px&#8221; constrain_group_101=&#8221;yes&#8221; right_padding_desktop=&#8221;20px&#8221; column_element_direction_desktop=&#8221;default&#8221; column_element_spacing=&#8221;default&#8221; desktop_text_alignment=&#8221;default&#8221; tablet_text_alignment=&#8221;default&#8221; phone_text_alignment=&#8221;default&#8221; background_color=&#8221;#fafafa&#8221; background_color_opacity=&#8221;1&#8243; background_hover_color_opacity=&#8221;1&#8243; column_backdrop_filter=&#8221;none&#8221; column_shadow=&#8221;none&#8221; column_border_radius=&#8221;none&#8221; column_link_target=&#8221;_self&#8221; overflow=&#8221;visible&#8221; gradient_direction=&#8221;left_to_right&#8221; overlay_strength=&#8221;0.3&#8243; width=&#8221;1\/3&#8243; tablet_width_inherit=&#8221;default&#8221; animation_type=&#8221;default&#8221; bg_image_animation=&#8221;none&#8221; border_type=&#8221;simple&#8221; column_border_width=&#8221;none&#8221; column_border_style=&#8221;solid&#8221; column_padding_type=&#8221;advanced&#8221; gradient_type=&#8221;default&#8221;][vc_column_text text_direction=&#8221;default&#8221;]2016<br \/>\n<strong>Cultural Development Award from the Conseil de la culture de l&#8217;Estrie<\/strong><\/p>\n<p><span style=\"font-weight: 400;\">Awarded to Th\u00e9\u00e2tre des Petites Lanternes for the show &#8216;Comme un grand trou dans le ventre&#8217; from the Grande Cueillette des Mots du Granit. The<\/span><a href=\"https:\/\/www.facebook.com\/CultureEstrie\/\"> <span style=\"font-weight: 400;\">Conseil de la culture de l&#8217;Estrie<\/span><\/a><span style=\"font-weight: 400;\"> Cultural Development Award is sponsored by the<\/span><a href=\"https:\/\/www.facebook.com\/CDEC.de.Sherbrooke\/\"> <span style=\"font-weight: 400;\">CDEC de Sherbrooke<\/span><\/a><span style=\"font-weight: 400;\"> and<\/span><a href=\"https:\/\/www.facebook.com\/SNestrie\/\"> <span style=\"font-weight: 400;\">Soci\u00e9t\u00e9 nationale de l&#8217;Estrie<\/span><\/a><span style=\"font-weight: 400;\">.<\/span>[\/vc_column_text][\/vc_column_inner][vc_column_inner top_padding_desktop=&#8221;20px&#8221; constrain_group_100=&#8221;yes&#8221; bottom_padding_desktop=&#8221;20px&#8221; left_padding_desktop=&#8221;20px&#8221; constrain_group_101=&#8221;yes&#8221; right_padding_desktop=&#8221;20px&#8221; column_element_direction_desktop=&#8221;default&#8221; column_element_spacing=&#8221;default&#8221; desktop_text_alignment=&#8221;default&#8221; tablet_text_alignment=&#8221;default&#8221; phone_text_alignment=&#8221;default&#8221; background_color=&#8221;#fafafa&#8221; background_color_opacity=&#8221;1&#8243; background_hover_color_opacity=&#8221;1&#8243; column_backdrop_filter=&#8221;none&#8221; column_shadow=&#8221;none&#8221; column_border_radius=&#8221;none&#8221; column_link_target=&#8221;_self&#8221; overflow=&#8221;visible&#8221; gradient_direction=&#8221;left_to_right&#8221; overlay_strength=&#8221;0.3&#8243; width=&#8221;1\/3&#8243; tablet_width_inherit=&#8221;default&#8221; animation_type=&#8221;default&#8221; bg_image_animation=&#8221;none&#8221; border_type=&#8221;simple&#8221; column_border_width=&#8221;none&#8221; column_border_style=&#8221;solid&#8221; column_padding_type=&#8221;advanced&#8221; gradient_type=&#8221;default&#8221;][vc_column_text text_direction=&#8221;default&#8221;]2009<br \/>\n<strong>Quebec Citizenship Award<\/strong><\/p>\n<p><span style=\"font-weight: 400;\">Awarded by the Quebec government&#8217;s Minister of Immigration and Cultural Communities, Yolande James, to the Th\u00e9\u00e2tre des Petites Lanternes. The award was presented in recognition of the R\u00e9sidence th\u00e9\u00e2trale TERRE project at the Centre d&#8217;\u00e9ducation aux adultes St-Michel, designed to facilitate the integration, francization and employability of immigrant women through the medium of theater. To realize this project, the Th\u00e9\u00e2tre des Petites Lanternes surrounded itself with five of its artists.<\/span>[\/vc_column_text][\/vc_column_inner][\/vc_row_inner][vc_row_inner equal_height=&#8221;yes&#8221; content_placement=&#8221;middle&#8221; column_margin=&#8221;default&#8221; column_direction=&#8221;default&#8221; column_direction_tablet=&#8221;default&#8221; column_direction_phone=&#8221;default&#8221; text_align=&#8221;left&#8221; row_position=&#8221;default&#8221; row_position_tablet=&#8221;inherit&#8221; row_position_phone=&#8221;inherit&#8221; overflow=&#8221;visible&#8221; pointer_events=&#8221;all&#8221;][vc_column_inner top_padding_desktop=&#8221;20px&#8221; constrain_group_100=&#8221;yes&#8221; bottom_padding_desktop=&#8221;20px&#8221; left_padding_desktop=&#8221;20px&#8221; constrain_group_101=&#8221;yes&#8221; right_padding_desktop=&#8221;20px&#8221; column_element_direction_desktop=&#8221;default&#8221; column_element_spacing=&#8221;default&#8221; desktop_text_alignment=&#8221;default&#8221; tablet_text_alignment=&#8221;default&#8221; phone_text_alignment=&#8221;default&#8221; background_color=&#8221;#fafafa&#8221; background_color_opacity=&#8221;1&#8243; background_hover_color_opacity=&#8221;1&#8243; column_backdrop_filter=&#8221;none&#8221; column_shadow=&#8221;none&#8221; column_border_radius=&#8221;none&#8221; column_link_target=&#8221;_self&#8221; overflow=&#8221;visible&#8221; gradient_direction=&#8221;left_to_right&#8221; overlay_strength=&#8221;0.3&#8243; width=&#8221;1\/3&#8243; tablet_width_inherit=&#8221;default&#8221; animation_type=&#8221;default&#8221; bg_image_animation=&#8221;none&#8221; border_type=&#8221;simple&#8221; column_border_width=&#8221;none&#8221; column_border_style=&#8221;solid&#8221; column_padding_type=&#8221;advanced&#8221; gradient_type=&#8221;default&#8221;][vc_column_text text_direction=&#8221;default&#8221;]2008<\/p>\n<p><span style=\"font-weight: 400;\"><strong>Mention from the Comit\u00e9 de vigilance et d&#8217;action pour l&#8217;harmonisation des relations interculturelles en Estrie<\/strong> (Vigilance and Action Committee for the Harmonization of Intercultural Relations in the Eastern Townships)<\/span><\/p>\n<p><span style=\"font-weight: 400;\">Awarded to Th\u00e9\u00e2tre des Petites Lanternes for its Projet TERRE.<\/span>[\/vc_column_text][\/vc_column_inner][vc_column_inner top_padding_desktop=&#8221;20px&#8221; constrain_group_100=&#8221;yes&#8221; bottom_padding_desktop=&#8221;20px&#8221; left_padding_desktop=&#8221;20px&#8221; constrain_group_101=&#8221;yes&#8221; right_padding_desktop=&#8221;20px&#8221; column_element_direction_desktop=&#8221;default&#8221; column_element_spacing=&#8221;default&#8221; desktop_text_alignment=&#8221;default&#8221; tablet_text_alignment=&#8221;default&#8221; phone_text_alignment=&#8221;default&#8221; background_color=&#8221;#fafafa&#8221; background_color_opacity=&#8221;1&#8243; background_hover_color_opacity=&#8221;1&#8243; column_backdrop_filter=&#8221;none&#8221; column_shadow=&#8221;none&#8221; column_border_radius=&#8221;none&#8221; column_link_target=&#8221;_self&#8221; overflow=&#8221;visible&#8221; gradient_direction=&#8221;left_to_right&#8221; overlay_strength=&#8221;0.3&#8243; width=&#8221;1\/3&#8243; tablet_width_inherit=&#8221;default&#8221; animation_type=&#8221;default&#8221; bg_image_animation=&#8221;none&#8221; border_type=&#8221;simple&#8221; column_border_width=&#8221;none&#8221; column_border_style=&#8221;solid&#8221; column_padding_type=&#8221;advanced&#8221; gradient_type=&#8221;default&#8221;][vc_column_text text_direction=&#8221;default&#8221;]2007<br \/>\n<strong>Special mention at the Gala Reconnaissance Estrie<\/strong><\/p>\n<p><span style=\"font-weight: 400;\">The Th\u00e9\u00e2tre des Petites Lanternes received a special mention at the event organized by the Sherbrooke Chamber of Commerce and the Estrie Regional Chamber of Commerce as a social economy cultural enterprise, in particular for its first creation with the La Grande Cueillette des Mots creative process, and for the very significant integration impacts achieved with the TERRE project.<\/span>[\/vc_column_text][\/vc_column_inner][vc_column_inner top_padding_desktop=&#8221;20px&#8221; constrain_group_100=&#8221;yes&#8221; bottom_padding_desktop=&#8221;20px&#8221; left_padding_desktop=&#8221;20px&#8221; constrain_group_101=&#8221;yes&#8221; right_padding_desktop=&#8221;20px&#8221; column_element_direction_desktop=&#8221;default&#8221; column_element_spacing=&#8221;default&#8221; desktop_text_alignment=&#8221;default&#8221; tablet_text_alignment=&#8221;default&#8221; phone_text_alignment=&#8221;default&#8221; background_color=&#8221;#fafafa&#8221; background_color_opacity=&#8221;1&#8243; background_hover_color_opacity=&#8221;1&#8243; column_backdrop_filter=&#8221;none&#8221; column_shadow=&#8221;none&#8221; column_border_radius=&#8221;none&#8221; column_link_target=&#8221;_self&#8221; overflow=&#8221;visible&#8221; gradient_direction=&#8221;left_to_right&#8221; overlay_strength=&#8221;0.3&#8243; width=&#8221;1\/3&#8243; tablet_width_inherit=&#8221;default&#8221; animation_type=&#8221;default&#8221; bg_image_animation=&#8221;none&#8221; border_type=&#8221;simple&#8221; column_border_width=&#8221;none&#8221; column_border_style=&#8221;solid&#8221; column_padding_type=&#8221;advanced&#8221; gradient_type=&#8221;default&#8221;][vc_column_text text_direction=&#8221;default&#8221;]2007<\/p>\n<p><strong>Platinum award from the Canadian Yellow Pages Group in partnership with the CDEC.<\/strong><\/p>\n<p><span style=\"font-weight: 400;\">Awarded to Th\u00e9\u00e2tre des Petites Lanternes as a social economy cultural enterprise.<\/span>[\/vc_column_text][\/vc_column_inner][\/vc_row_inner][divider line_type=&#8221;No Line&#8221; custom_height=&#8221;40px&#8221;][\/vc_column][\/vc_row][vc_row type=&#8221;full_width_background&#8221; full_screen_row_position=&#8221;middle&#8221; column_margin=&#8221;default&#8221; column_direction=&#8221;default&#8221; column_direction_tablet=&#8221;default&#8221; column_direction_phone=&#8221;default&#8221; bg_image=&#8221;278&#8243; bg_position=&#8221;left top&#8221; background_image_loading=&#8221;default&#8221; bg_repeat=&#8221;no-repeat&#8221; scene_position=&#8221;center&#8221; bottom_padding=&#8221;80px&#8221; text_color=&#8221;dark&#8221; text_align=&#8221;left&#8221; row_border_radius=&#8221;none&#8221; row_border_radius_applies=&#8221;bg&#8221; overflow=&#8221;visible&#8221; disable_element=&#8221;yes&#8221; overlay_strength=&#8221;0.3&#8243; gradient_direction=&#8221;left_to_right&#8221; shape_divider_position=&#8221;bottom&#8221; bg_image_animation=&#8221;none&#8221; gradient_type=&#8221;default&#8221; shape_type=&#8221;&#8221;][vc_column column_padding=&#8221;no-extra-padding&#8221; column_padding_tablet=&#8221;inherit&#8221; column_padding_phone=&#8221;inherit&#8221; column_padding_position=&#8221;all&#8221; column_element_direction_desktop=&#8221;default&#8221; column_element_spacing=&#8221;default&#8221; desktop_text_alignment=&#8221;default&#8221; tablet_text_alignment=&#8221;default&#8221; phone_text_alignment=&#8221;default&#8221; background_color_opacity=&#8221;1&#8243; background_hover_color_opacity=&#8221;1&#8243; column_backdrop_filter=&#8221;none&#8221; column_shadow=&#8221;none&#8221; column_border_radius=&#8221;none&#8221; column_link_target=&#8221;_self&#8221; column_position=&#8221;default&#8221; gradient_direction=&#8221;left_to_right&#8221; overlay_strength=&#8221;0.3&#8243; width=&#8221;1\/1&#8243; tablet_width_inherit=&#8221;default&#8221; animation_type=&#8221;default&#8221; bg_image_animation=&#8221;none&#8221; border_type=&#8221;simple&#8221; column_border_width=&#8221;none&#8221; column_border_style=&#8221;solid&#8221; column_padding_type=&#8221;default&#8221; gradient_type=&#8221;default&#8221; offset=&#8221;vc_col-md-offset-2 vc_col-md-10&#8243;][toggles style=&#8221;minimal&#8221;][toggle color=&#8221;Extra-Color-3&#8243; heading_tag=&#8221;default&#8221; heading_tag_functionality=&#8221;default&#8221; title=&#8221;2018&#8243;][vc_column_text][\/vc_column_text][\/toggle][toggle color=&#8221;Extra-Color-3&#8243; heading_tag=&#8221;default&#8221; heading_tag_functionality=&#8221;default&#8221; title=&#8221;2012&#8243;][vc_column_text][\/vc_column_text][\/toggle][toggle color=&#8221;Extra-Color-3&#8243; heading_tag=&#8221;default&#8221; heading_tag_functionality=&#8221;default&#8221; title=&#8221;2007&#8243;][vc_column_text][\/vc_column_text][\/toggle][\/toggles][divider line_type=&#8221;No Line&#8221; custom_height=&#8221;40px&#8221;][nectar_btn size=&#8221;medium&#8221; button_style=&#8221;see-through&#8221; button_color_2=&#8221;Extra-Color-3&#8243; color_override=&#8221;#580c32&#8243; icon_family=&#8221;default_arrow&#8221; el_class=&#8221;no-border&#8221; text=&#8221;Nos prix et distinctions&#8221; url=&#8221;#&#8221;][\/vc_column][\/vc_row][vc_row type=&#8221;full_width_background&#8221; full_screen_row_position=&#8221;middle&#8221; column_margin=&#8221;default&#8221; equal_height=&#8221;yes&#8221; content_placement=&#8221;middle&#8221; column_direction=&#8221;default&#8221; column_direction_tablet=&#8221;default&#8221; column_direction_phone=&#8221;default&#8221; bg_color=&#8221;#000000&#8243; scene_position=&#8221;center&#8221; top_padding=&#8221;90px&#8221; bottom_padding=&#8221;90px&#8221; text_color=&#8221;light&#8221; text_align=&#8221;left&#8221; row_border_radius=&#8221;none&#8221; row_border_radius_applies=&#8221;bg&#8221; overflow=&#8221;visible&#8221; overlay_strength=&#8221;0.3&#8243; gradient_direction=&#8221;left_to_right&#8221; shape_divider_position=&#8221;bottom&#8221; bg_image_animation=&#8221;none&#8221; gradient_type=&#8221;default&#8221; shape_type=&#8221;&#8221;][vc_column column_padding=&#8221;no-extra-padding&#8221; column_padding_tablet=&#8221;inherit&#8221; column_padding_phone=&#8221;inherit&#8221; column_padding_position=&#8221;all&#8221; column_element_direction_desktop=&#8221;default&#8221; column_element_spacing=&#8221;default&#8221; desktop_text_alignment=&#8221;default&#8221; tablet_text_alignment=&#8221;default&#8221; phone_text_alignment=&#8221;default&#8221; background_color_opacity=&#8221;1&#8243; background_hover_color_opacity=&#8221;1&#8243; column_backdrop_filter=&#8221;none&#8221; column_shadow=&#8221;none&#8221; column_border_radius=&#8221;none&#8221; column_link_target=&#8221;_self&#8221; column_position=&#8221;default&#8221; gradient_direction=&#8221;left_to_right&#8221; overlay_strength=&#8221;0.3&#8243; width=&#8221;2\/3&#8243; tablet_width_inherit=&#8221;default&#8221; animation_type=&#8221;default&#8221; bg_image_animation=&#8221;none&#8221; border_type=&#8221;simple&#8221; column_border_width=&#8221;none&#8221; column_border_style=&#8221;solid&#8221;][vc_column_text text_direction=&#8221;default&#8221;]\n<h3><strong><span style=\"color: #580c32;\">Get the latest<\/span> <span style=\"color: #c30b54;\">news<\/span><\/strong><\/h3>\n[\/vc_column_text][\/vc_column][vc_column column_padding=&#8221;no-extra-padding&#8221; column_padding_tablet=&#8221;inherit&#8221; column_padding_phone=&#8221;inherit&#8221; column_padding_position=&#8221;all&#8221; column_element_direction_desktop=&#8221;default&#8221; column_element_spacing=&#8221;default&#8221; desktop_text_alignment=&#8221;right&#8221; tablet_text_alignment=&#8221;left&#8221; phone_text_alignment=&#8221;left&#8221; background_color_opacity=&#8221;1&#8243; background_hover_color_opacity=&#8221;1&#8243; column_backdrop_filter=&#8221;none&#8221; column_shadow=&#8221;none&#8221; column_border_radius=&#8221;none&#8221; column_link_target=&#8221;_self&#8221; column_position=&#8221;default&#8221; el_class=&#8221;tpl-button-circle&#8221; gradient_direction=&#8221;left_to_right&#8221; overlay_strength=&#8221;0.3&#8243; width=&#8221;1\/3&#8243; tablet_width_inherit=&#8221;default&#8221; animation_type=&#8221;default&#8221; bg_image_animation=&#8221;none&#8221; border_type=&#8221;simple&#8221; column_border_width=&#8221;none&#8221; column_border_style=&#8221;solid&#8221; column_padding_type=&#8221;default&#8221; gradient_type=&#8221;default&#8221;][nectar_btn size=&#8221;medium&#8221; button_style=&#8221;see-through&#8221; button_color_2=&#8221;Accent-Color&#8221; color_override=&#8221;#ffffff&#8221; icon_family=&#8221;default_arrow&#8221; el_class=&#8221;no-border&#8221; text=&#8221;Keep up-to-date&#8221; url=&#8221;\/actualites&#8221;][\/vc_column][\/vc_row][vc_row type=&#8221;full_width_background&#8221; full_screen_row_position=&#8221;middle&#8221; column_margin=&#8221;default&#8221; column_direction=&#8221;default&#8221; column_direction_tablet=&#8221;default&#8221; column_direction_phone=&#8221;default&#8221; bg_color=&#8221;#dba8b9&#8243; scene_position=&#8221;center&#8221; top_padding=&#8221;60px&#8221; bottom_padding=&#8221;60px&#8221; text_color=&#8221;dark&#8221; text_align=&#8221;left&#8221; row_border_radius=&#8221;none&#8221; row_border_radius_applies=&#8221;bg&#8221; overflow=&#8221;visible&#8221; overlay_strength=&#8221;0.3&#8243; gradient_direction=&#8221;left_to_right&#8221; shape_divider_position=&#8221;bottom&#8221; bg_image_animation=&#8221;none&#8221; gradient_type=&#8221;default&#8221; shape_type=&#8221;&#8221;][vc_column column_padding=&#8221;no-extra-padding&#8221; column_padding_tablet=&#8221;inherit&#8221; column_padding_phone=&#8221;inherit&#8221; column_padding_position=&#8221;all&#8221; column_element_direction_desktop=&#8221;default&#8221; column_element_spacing=&#8221;default&#8221; desktop_text_alignment=&#8221;default&#8221; tablet_text_alignment=&#8221;default&#8221; phone_text_alignment=&#8221;default&#8221; background_color_opacity=&#8221;1&#8243; background_hover_color_opacity=&#8221;1&#8243; column_backdrop_filter=&#8221;none&#8221; column_shadow=&#8221;none&#8221; column_border_radius=&#8221;none&#8221; column_link_target=&#8221;_self&#8221; column_position=&#8221;default&#8221; gradient_direction=&#8221;left_to_right&#8221; overlay_strength=&#8221;0.3&#8243; width=&#8221;1\/1&#8243; tablet_width_inherit=&#8221;default&#8221; animation_type=&#8221;default&#8221; bg_image_animation=&#8221;none&#8221; border_type=&#8221;simple&#8221; column_border_width=&#8221;none&#8221; column_border_style=&#8221;solid&#8221;][vc_row_inner equal_height=&#8221;yes&#8221; content_placement=&#8221;middle&#8221; column_margin=&#8221;default&#8221; column_direction=&#8221;default&#8221; column_direction_tablet=&#8221;default&#8221; column_direction_phone=&#8221;default&#8221; text_align=&#8221;left&#8221; row_position=&#8221;default&#8221; row_position_tablet=&#8221;inherit&#8221; row_position_phone=&#8221;inherit&#8221; overflow=&#8221;visible&#8221; pointer_events=&#8221;all&#8221;][vc_column_inner column_padding=&#8221;no-extra-padding&#8221; column_padding_tablet=&#8221;inherit&#8221; column_padding_phone=&#8221;inherit&#8221; column_padding_position=&#8221;all&#8221; column_element_direction_desktop=&#8221;default&#8221; column_element_spacing=&#8221;default&#8221; desktop_text_alignment=&#8221;default&#8221; tablet_text_alignment=&#8221;default&#8221; phone_text_alignment=&#8221;default&#8221; background_color_opacity=&#8221;1&#8243; background_hover_color_opacity=&#8221;1&#8243; column_backdrop_filter=&#8221;none&#8221; column_shadow=&#8221;none&#8221; column_border_radius=&#8221;none&#8221; column_link_target=&#8221;_self&#8221; overflow=&#8221;visible&#8221; gradient_direction=&#8221;left_to_right&#8221; overlay_strength=&#8221;0.3&#8243; width=&#8221;2\/3&#8243; tablet_width_inherit=&#8221;default&#8221; animation_type=&#8221;default&#8221; bg_image_animation=&#8221;none&#8221; border_type=&#8221;simple&#8221; column_border_width=&#8221;none&#8221; column_border_style=&#8221;solid&#8221;][vc_column_text text_direction=&#8221;default&#8221;]\n<h2><span style=\"color: #580c32;\">Implications<\/span><\/h2>\n[\/vc_column_text][\/vc_column_inner][vc_column_inner column_padding=&#8221;no-extra-padding&#8221; column_padding_tablet=&#8221;inherit&#8221; column_padding_phone=&#8221;inherit&#8221; column_padding_position=&#8221;all&#8221; column_element_direction_desktop=&#8221;default&#8221; column_element_spacing=&#8221;default&#8221; centered_text=&#8221;true&#8221; desktop_text_alignment=&#8221;default&#8221; tablet_text_alignment=&#8221;default&#8221; phone_text_alignment=&#8221;default&#8221; background_color_opacity=&#8221;1&#8243; background_hover_color_opacity=&#8221;1&#8243; column_backdrop_filter=&#8221;none&#8221; column_shadow=&#8221;none&#8221; column_border_radius=&#8221;none&#8221; column_link_target=&#8221;_self&#8221; overflow=&#8221;visible&#8221; el_class=&#8221;text-center&#8221; gradient_direction=&#8221;left_to_right&#8221; overlay_strength=&#8221;0.3&#8243; width=&#8221;1\/3&#8243; tablet_width_inherit=&#8221;default&#8221; animation_type=&#8221;default&#8221; bg_image_animation=&#8221;none&#8221; border_type=&#8221;simple&#8221; column_border_width=&#8221;none&#8221; column_border_style=&#8221;solid&#8221; column_padding_type=&#8221;default&#8221; gradient_type=&#8221;default&#8221;][nectar_btn size=&#8221;medium&#8221; button_style=&#8221;regular&#8221; button_color_2=&#8221;Extra-Color-3&#8243; color_override=&#8221;#951f4d&#8221; solid_text_color_override=&#8221;#ffffff&#8221; icon_family=&#8221;default_arrow&#8221; text=&#8221;Voir notre \u00e9quipe&#8221; url=&#8221;\/notre-equipe&#8221;][\/vc_column_inner][\/vc_row_inner][\/vc_column][\/vc_row][vc_row type=&#8221;full_width_background&#8221; full_screen_row_position=&#8221;middle&#8221; column_margin=&#8221;default&#8221; column_direction=&#8221;default&#8221; column_direction_tablet=&#8221;default&#8221; column_direction_phone=&#8221;default&#8221; bg_color=&#8221;#dba8b9&#8243; scene_position=&#8221;center&#8221; bottom_padding=&#8221;80px&#8221; text_color=&#8221;dark&#8221; text_align=&#8221;left&#8221; row_border_radius=&#8221;none&#8221; row_border_radius_applies=&#8221;bg&#8221; overflow=&#8221;visible&#8221; class=&#8221;tpl-row-equipe&#8221; overlay_strength=&#8221;0.3&#8243; gradient_direction=&#8221;left_to_right&#8221; shape_divider_position=&#8221;bottom&#8221; bg_image_animation=&#8221;none&#8221; gradient_type=&#8221;default&#8221; shape_type=&#8221;&#8221;][vc_column column_padding=&#8221;no-extra-padding&#8221; column_padding_tablet=&#8221;inherit&#8221; column_padding_phone=&#8221;inherit&#8221; column_padding_position=&#8221;all&#8221; column_element_direction_desktop=&#8221;default&#8221; column_element_spacing=&#8221;default&#8221; desktop_text_alignment=&#8221;default&#8221; tablet_text_alignment=&#8221;default&#8221; phone_text_alignment=&#8221;default&#8221; background_color_opacity=&#8221;1&#8243; background_hover_color_opacity=&#8221;1&#8243; column_backdrop_filter=&#8221;none&#8221; column_shadow=&#8221;none&#8221; column_border_radius=&#8221;none&#8221; column_link_target=&#8221;_self&#8221; column_position=&#8221;default&#8221; el_class=&#8221;popmake-6129&#8243; gradient_direction=&#8221;left_to_right&#8221; overlay_strength=&#8221;0.3&#8243; width=&#8221;1\/3&#8243; tablet_width_inherit=&#8221;default&#8221; animation_type=&#8221;default&#8221; bg_image_animation=&#8221;none&#8221; border_type=&#8221;simple&#8221; column_border_width=&#8221;none&#8221; column_border_style=&#8221;solid&#8221; column_padding_type=&#8221;default&#8221; gradient_type=&#8221;default&#8221;][image_with_animation image_url=&#8221;1206&#8243; image_size=&#8221;full&#8221; animation_type=&#8221;entrance&#8221; animation=&#8221;None&#8221; animation_movement_type=&#8221;transform_y&#8221; hover_animation=&#8221;none&#8221; alignment=&#8221;&#8221; border_radius=&#8221;none&#8221; box_shadow=&#8221;none&#8221; image_loading=&#8221;default&#8221; max_width=&#8221;100%&#8221; max_width_mobile=&#8221;default&#8221;][divider line_type=&#8221;No Line&#8221; custom_height=&#8221;10px&#8221;][vc_column_text el_class=&#8221;subtitle-medium&#8221; text_direction=&#8221;default&#8221; css=&#8221;.vc_custom_1711307182028{margin-bottom: 10px !important;}&#8221;]<span style=\"color: #580c32;\">V\u00e9ronique Barbara Viens<\/span>[\/vc_column_text][\/vc_column][vc_column column_padding=&#8221;no-extra-padding&#8221; column_padding_tablet=&#8221;inherit&#8221; column_padding_phone=&#8221;inherit&#8221; column_padding_position=&#8221;all&#8221; column_element_direction_desktop=&#8221;default&#8221; column_element_spacing=&#8221;default&#8221; desktop_text_alignment=&#8221;default&#8221; tablet_text_alignment=&#8221;default&#8221; phone_text_alignment=&#8221;default&#8221; background_color_opacity=&#8221;1&#8243; background_hover_color_opacity=&#8221;1&#8243; column_backdrop_filter=&#8221;none&#8221; column_shadow=&#8221;none&#8221; column_border_radius=&#8221;none&#8221; column_link_target=&#8221;_self&#8221; column_position=&#8221;default&#8221; el_class=&#8221;popmake-6131&#8243; gradient_direction=&#8221;left_to_right&#8221; overlay_strength=&#8221;0.3&#8243; width=&#8221;1\/3&#8243; tablet_width_inherit=&#8221;default&#8221; animation_type=&#8221;default&#8221; bg_image_animation=&#8221;none&#8221; border_type=&#8221;simple&#8221; column_border_width=&#8221;none&#8221; column_border_style=&#8221;solid&#8221; column_padding_type=&#8221;default&#8221; gradient_type=&#8221;default&#8221;][image_with_animation image_url=&#8221;1210&#8243; image_size=&#8221;full&#8221; animation_type=&#8221;entrance&#8221; animation=&#8221;None&#8221; animation_movement_type=&#8221;transform_y&#8221; hover_animation=&#8221;none&#8221; alignment=&#8221;&#8221; border_radius=&#8221;none&#8221; box_shadow=&#8221;none&#8221; image_loading=&#8221;default&#8221; max_width=&#8221;100%&#8221; max_width_mobile=&#8221;default&#8221;][divider line_type=&#8221;No Line&#8221; custom_height=&#8221;10px&#8221;][vc_column_text el_class=&#8221;subtitle-medium&#8221; text_direction=&#8221;default&#8221; css=&#8221;.vc_custom_1711307195428{margin-bottom: 10px !important;}&#8221;]<span style=\"color: #580c32;\">Kristelle Holliday<\/span>[\/vc_column_text][\/vc_column][vc_column column_padding=&#8221;no-extra-padding&#8221; column_padding_tablet=&#8221;inherit&#8221; column_padding_phone=&#8221;inherit&#8221; column_padding_position=&#8221;all&#8221; column_element_direction_desktop=&#8221;default&#8221; column_element_spacing=&#8221;default&#8221; desktop_text_alignment=&#8221;default&#8221; tablet_text_alignment=&#8221;default&#8221; phone_text_alignment=&#8221;default&#8221; background_color_opacity=&#8221;1&#8243; background_hover_color_opacity=&#8221;1&#8243; column_backdrop_filter=&#8221;none&#8221; column_shadow=&#8221;none&#8221; column_border_radius=&#8221;none&#8221; column_link_target=&#8221;_self&#8221; column_position=&#8221;default&#8221; el_class=&#8221;popmake-6133&#8243; gradient_direction=&#8221;left_to_right&#8221; overlay_strength=&#8221;0.3&#8243; width=&#8221;1\/3&#8243; tablet_width_inherit=&#8221;default&#8221; animation_type=&#8221;default&#8221; bg_image_animation=&#8221;none&#8221; border_type=&#8221;simple&#8221; column_border_width=&#8221;none&#8221; column_border_style=&#8221;solid&#8221; column_padding_type=&#8221;default&#8221; gradient_type=&#8221;default&#8221;][image_with_animation image_url=&#8221;1212&#8243; image_size=&#8221;full&#8221; animation_type=&#8221;entrance&#8221; animation=&#8221;None&#8221; animation_movement_type=&#8221;transform_y&#8221; hover_animation=&#8221;none&#8221; alignment=&#8221;&#8221; border_radius=&#8221;none&#8221; box_shadow=&#8221;none&#8221; image_loading=&#8221;default&#8221; max_width=&#8221;100%&#8221; max_width_mobile=&#8221;default&#8221;][divider line_type=&#8221;No Line&#8221; custom_height=&#8221;10px&#8221;][vc_column_text el_class=&#8221;subtitle-medium&#8221; text_direction=&#8221;default&#8221; css=&#8221;.vc_custom_1711307212258{margin-bottom: 10px !important;}&#8221;]<span style=\"color: #580c32;\">Cyril Assathiany<\/span>[\/vc_column_text][\/vc_column][\/vc_row][vc_row type=&#8221;full_width_background&#8221; full_screen_row_position=&#8221;middle&#8221; column_margin=&#8221;default&#8221; column_direction=&#8221;default&#8221; column_direction_tablet=&#8221;default&#8221; column_direction_phone=&#8221;default&#8221; scene_position=&#8221;center&#8221; top_padding=&#8221;80px&#8221; bottom_padding=&#8221;40px&#8221; top_padding_tablet=&#8221;100px&#8221; bottom_padding_tablet=&#8221;100px&#8221; text_color=&#8221;dark&#8221; text_align=&#8221;left&#8221; row_border_radius=&#8221;none&#8221; row_border_radius_applies=&#8221;bg&#8221; overflow=&#8221;visible&#8221; class=&#8221;magik-divider tpl-soutenir bg-contain&#8221; overlay_strength=&#8221;0.3&#8243; gradient_direction=&#8221;top_to_bottom&#8221; shape_divider_position=&#8221;bottom&#8221; bg_image_animation=&#8221;none&#8221; gradient_type=&#8221;default&#8221; shape_type=&#8221;&#8221;][vc_column column_padding=&#8221;no-extra-padding&#8221; column_padding_tablet=&#8221;inherit&#8221; column_padding_phone=&#8221;inherit&#8221; column_padding_position=&#8221;all&#8221; column_element_direction_desktop=&#8221;default&#8221; column_element_spacing=&#8221;default&#8221; desktop_text_alignment=&#8221;default&#8221; tablet_text_alignment=&#8221;default&#8221; phone_text_alignment=&#8221;default&#8221; background_color_opacity=&#8221;1&#8243; background_hover_color_opacity=&#8221;1&#8243; column_backdrop_filter=&#8221;none&#8221; column_shadow=&#8221;none&#8221; column_border_radius=&#8221;none&#8221; column_link_target=&#8221;_self&#8221; column_position=&#8221;default&#8221; gradient_direction=&#8221;left_to_right&#8221; overlay_strength=&#8221;0.3&#8243; width=&#8221;1\/1&#8243; tablet_width_inherit=&#8221;default&#8221; animation_type=&#8221;default&#8221; bg_image_animation=&#8221;none&#8221; border_type=&#8221;simple&#8221; column_border_width=&#8221;none&#8221; column_border_style=&#8221;solid&#8221;][vc_column_text text_direction=&#8221;default&#8221;]\n<h2><span style=\"color: #580c32;\">Publications<\/span><\/h2>\n[\/vc_column_text][divider line_type=&#8221;Full Width Line&#8221; line_thickness=&#8221;1&#8243; divider_color=&#8221;extra-color-3&#8243;][\/vc_column][\/vc_row][vc_row type=&#8221;in_container&#8221; full_screen_row_position=&#8221;middle&#8221; column_margin=&#8221;default&#8221; column_direction=&#8221;default&#8221; column_direction_tablet=&#8221;default&#8221; column_direction_phone=&#8221;default&#8221; scene_position=&#8221;center&#8221; text_color=&#8221;dark&#8221; text_align=&#8221;left&#8221; row_border_radius=&#8221;none&#8221; row_border_radius_applies=&#8221;bg&#8221; overflow=&#8221;visible&#8221; overlay_strength=&#8221;0.3&#8243; gradient_direction=&#8221;left_to_right&#8221; shape_divider_position=&#8221;bottom&#8221; bg_image_animation=&#8221;none&#8221;][vc_column column_padding=&#8221;no-extra-padding&#8221; column_padding_tablet=&#8221;inherit&#8221; column_padding_phone=&#8221;inherit&#8221; column_padding_position=&#8221;all&#8221; column_element_direction_desktop=&#8221;default&#8221; column_element_spacing=&#8221;default&#8221; desktop_text_alignment=&#8221;default&#8221; tablet_text_alignment=&#8221;default&#8221; phone_text_alignment=&#8221;default&#8221; background_color_opacity=&#8221;1&#8243; background_hover_color_opacity=&#8221;1&#8243; column_backdrop_filter=&#8221;none&#8221; column_shadow=&#8221;none&#8221; column_border_radius=&#8221;none&#8221; column_link_target=&#8221;_self&#8221; column_position=&#8221;default&#8221; gradient_direction=&#8221;left_to_right&#8221; overlay_strength=&#8221;0.3&#8243; width=&#8221;1\/1&#8243; tablet_width_inherit=&#8221;default&#8221; animation_type=&#8221;default&#8221; bg_image_animation=&#8221;none&#8221; border_type=&#8221;simple&#8221; column_border_width=&#8221;none&#8221; column_border_style=&#8221;solid&#8221;][vc_row_inner equal_height=&#8221;yes&#8221; content_placement=&#8221;top&#8221; column_margin=&#8221;default&#8221; column_direction=&#8221;default&#8221; column_direction_tablet=&#8221;default&#8221; column_direction_phone=&#8221;default&#8221; top_padding=&#8221;20px&#8221; text_align=&#8221;left&#8221; row_position=&#8221;default&#8221; row_position_tablet=&#8221;inherit&#8221; row_position_phone=&#8221;inherit&#8221; overflow=&#8221;visible&#8221; pointer_events=&#8221;all&#8221;][vc_column_inner column_padding=&#8221;no-extra-padding&#8221; column_padding_tablet=&#8221;inherit&#8221; column_padding_phone=&#8221;inherit&#8221; column_padding_position=&#8221;all&#8221; column_element_direction_desktop=&#8221;default&#8221; column_element_spacing=&#8221;default&#8221; desktop_text_alignment=&#8221;default&#8221; tablet_text_alignment=&#8221;default&#8221; phone_text_alignment=&#8221;default&#8221; background_color_opacity=&#8221;1&#8243; background_hover_color_opacity=&#8221;1&#8243; column_backdrop_filter=&#8221;none&#8221; column_shadow=&#8221;none&#8221; column_border_radius=&#8221;none&#8221; column_link_target=&#8221;_self&#8221; overflow=&#8221;visible&#8221; gradient_direction=&#8221;left_to_right&#8221; overlay_strength=&#8221;0.3&#8243; width=&#8221;1\/2&#8243; tablet_width_inherit=&#8221;default&#8221; animation_type=&#8221;default&#8221; bg_image_animation=&#8221;none&#8221; border_type=&#8221;simple&#8221; column_border_width=&#8221;none&#8221; column_border_style=&#8221;solid&#8221;][vc_column_text text_direction=&#8221;default&#8221;]<em><strong>Pour une dramaturgie sociale : La d\u00e9marche cr\u00e9ative des citoyens dans le Projet LA GRANDE CUEILLETTE DES MOTS<\/strong><\/em>[\/vc_column_text][\/vc_column_inner][vc_column_inner column_padding=&#8221;no-extra-padding&#8221; column_padding_tablet=&#8221;inherit&#8221; column_padding_phone=&#8221;inherit&#8221; column_padding_position=&#8221;all&#8221; column_element_direction_desktop=&#8221;default&#8221; column_element_spacing=&#8221;default&#8221; desktop_text_alignment=&#8221;default&#8221; tablet_text_alignment=&#8221;default&#8221; phone_text_alignment=&#8221;default&#8221; background_color_opacity=&#8221;1&#8243; background_hover_color_opacity=&#8221;1&#8243; column_backdrop_filter=&#8221;none&#8221; column_shadow=&#8221;none&#8221; column_border_radius=&#8221;none&#8221; column_link_target=&#8221;_self&#8221; overflow=&#8221;visible&#8221; gradient_direction=&#8221;left_to_right&#8221; overlay_strength=&#8221;0.3&#8243; width=&#8221;1\/2&#8243; tablet_width_inherit=&#8221;default&#8221; animation_type=&#8221;default&#8221; bg_image_animation=&#8221;none&#8221; border_type=&#8221;simple&#8221; column_border_width=&#8221;none&#8221; column_border_style=&#8221;solid&#8221;][vc_column_text el_class=&#8221;text-small&#8221; text_direction=&#8221;default&#8221;]Ney Wendell, Groupe de Recherche sur l\u2019Enseignement du Th\u00e9\u00e2tre (GRET), Universit\u00e9 du Qu\u00e9bec \u00e0 Montr\u00e9al. \u00c9tude sur la dramaturgie sociale de la metteure en sc\u00e8ne et dramaturge Ang\u00e8le S\u00e9guin et son travail d\u2019\u00e9criture th\u00e9\u00e2trale au Th\u00e9\u00e2tre des Petites Lanternes. 2022.[\/vc_column_text][\/vc_column_inner][\/vc_row_inner][divider line_type=&#8221;Full Width Line&#8221; line_thickness=&#8221;1&#8243; divider_color=&#8221;extra-color-3&#8243; custom_height=&#8221;20px&#8221;][vc_row_inner equal_height=&#8221;yes&#8221; content_placement=&#8221;top&#8221; column_margin=&#8221;default&#8221; column_direction=&#8221;default&#8221; column_direction_tablet=&#8221;default&#8221; column_direction_phone=&#8221;default&#8221; top_padding=&#8221;20px&#8221; text_align=&#8221;left&#8221; row_position=&#8221;default&#8221; row_position_tablet=&#8221;inherit&#8221; row_position_phone=&#8221;inherit&#8221; overflow=&#8221;visible&#8221; pointer_events=&#8221;all&#8221;][vc_column_inner column_padding=&#8221;no-extra-padding&#8221; column_padding_tablet=&#8221;inherit&#8221; column_padding_phone=&#8221;inherit&#8221; column_padding_position=&#8221;all&#8221; column_element_direction_desktop=&#8221;default&#8221; column_element_spacing=&#8221;default&#8221; desktop_text_alignment=&#8221;default&#8221; tablet_text_alignment=&#8221;default&#8221; phone_text_alignment=&#8221;default&#8221; background_color_opacity=&#8221;1&#8243; background_hover_color_opacity=&#8221;1&#8243; column_backdrop_filter=&#8221;none&#8221; column_shadow=&#8221;none&#8221; column_border_radius=&#8221;none&#8221; column_link_target=&#8221;_self&#8221; overflow=&#8221;visible&#8221; gradient_direction=&#8221;left_to_right&#8221; overlay_strength=&#8221;0.3&#8243; width=&#8221;1\/2&#8243; tablet_width_inherit=&#8221;default&#8221; animation_type=&#8221;default&#8221; bg_image_animation=&#8221;none&#8221; border_type=&#8221;simple&#8221; column_border_width=&#8221;none&#8221; column_border_style=&#8221;solid&#8221;][vc_column_text text_direction=&#8221;default&#8221;]<em><strong>Violences faites aux femmes et aux filles,<br \/>\nLe Th\u00e9\u00e2tre social comme exutoire<\/strong><\/em>[\/vc_column_text][\/vc_column_inner][vc_column_inner column_padding=&#8221;no-extra-padding&#8221; column_padding_tablet=&#8221;inherit&#8221; column_padding_phone=&#8221;inherit&#8221; column_padding_position=&#8221;all&#8221; column_element_direction_desktop=&#8221;default&#8221; column_element_spacing=&#8221;default&#8221; desktop_text_alignment=&#8221;default&#8221; tablet_text_alignment=&#8221;default&#8221; phone_text_alignment=&#8221;default&#8221; background_color_opacity=&#8221;1&#8243; background_hover_color_opacity=&#8221;1&#8243; column_backdrop_filter=&#8221;none&#8221; column_shadow=&#8221;none&#8221; column_border_radius=&#8221;none&#8221; column_link_target=&#8221;_self&#8221; overflow=&#8221;visible&#8221; gradient_direction=&#8221;left_to_right&#8221; overlay_strength=&#8221;0.3&#8243; width=&#8221;1\/2&#8243; tablet_width_inherit=&#8221;default&#8221; animation_type=&#8221;default&#8221; bg_image_animation=&#8221;none&#8221; border_type=&#8221;simple&#8221; column_border_width=&#8221;none&#8221; column_border_style=&#8221;solid&#8221;][vc_column_text el_class=&#8221;text-small&#8221; text_direction=&#8221;default&#8221;]Beno\u00eete Labrosse, Magasine Sans Fronti\u00e8res, No 36, pages 17 \u00e0 21, Montr\u00e9al, D\u00e9cembre 2017 \u2014 F\u00e9vrier 2018.[\/vc_column_text][\/vc_column_inner][\/vc_row_inner][divider line_type=&#8221;Full Width Line&#8221; line_thickness=&#8221;1&#8243; divider_color=&#8221;extra-color-3&#8243; custom_height=&#8221;20px&#8221;][vc_row_inner equal_height=&#8221;yes&#8221; content_placement=&#8221;top&#8221; column_margin=&#8221;default&#8221; column_direction=&#8221;default&#8221; column_direction_tablet=&#8221;default&#8221; column_direction_phone=&#8221;default&#8221; top_padding=&#8221;20px&#8221; text_align=&#8221;left&#8221; row_position=&#8221;default&#8221; row_position_tablet=&#8221;inherit&#8221; row_position_phone=&#8221;inherit&#8221; overflow=&#8221;visible&#8221; pointer_events=&#8221;all&#8221;][vc_column_inner column_padding=&#8221;no-extra-padding&#8221; column_padding_tablet=&#8221;inherit&#8221; column_padding_phone=&#8221;inherit&#8221; column_padding_position=&#8221;all&#8221; column_element_direction_desktop=&#8221;default&#8221; column_element_spacing=&#8221;default&#8221; desktop_text_alignment=&#8221;default&#8221; tablet_text_alignment=&#8221;default&#8221; phone_text_alignment=&#8221;default&#8221; background_color_opacity=&#8221;1&#8243; background_hover_color_opacity=&#8221;1&#8243; column_backdrop_filter=&#8221;none&#8221; column_shadow=&#8221;none&#8221; column_border_radius=&#8221;none&#8221; column_link_target=&#8221;_self&#8221; overflow=&#8221;visible&#8221; gradient_direction=&#8221;left_to_right&#8221; overlay_strength=&#8221;0.3&#8243; width=&#8221;1\/2&#8243; tablet_width_inherit=&#8221;default&#8221; animation_type=&#8221;default&#8221; bg_image_animation=&#8221;none&#8221; border_type=&#8221;simple&#8221; column_border_width=&#8221;none&#8221; column_border_style=&#8221;solid&#8221;][vc_column_text text_direction=&#8221;default&#8221;]<em><strong>La Grande Cueillette des mots du Granit :<br \/>\nL\u2019importance des arts dans une soci\u00e9t\u00e9 qui se reb\u00e2tit<\/strong><\/em>[\/vc_column_text][\/vc_column_inner][vc_column_inner column_padding=&#8221;no-extra-padding&#8221; column_padding_tablet=&#8221;inherit&#8221; column_padding_phone=&#8221;inherit&#8221; column_padding_position=&#8221;all&#8221; column_element_direction_desktop=&#8221;default&#8221; column_element_spacing=&#8221;default&#8221; desktop_text_alignment=&#8221;default&#8221; tablet_text_alignment=&#8221;default&#8221; phone_text_alignment=&#8221;default&#8221; background_color_opacity=&#8221;1&#8243; background_hover_color_opacity=&#8221;1&#8243; column_backdrop_filter=&#8221;none&#8221; column_shadow=&#8221;none&#8221; column_border_radius=&#8221;none&#8221; column_link_target=&#8221;_self&#8221; overflow=&#8221;visible&#8221; gradient_direction=&#8221;left_to_right&#8221; overlay_strength=&#8221;0.3&#8243; width=&#8221;1\/2&#8243; tablet_width_inherit=&#8221;default&#8221; animation_type=&#8221;default&#8221; bg_image_animation=&#8221;none&#8221; border_type=&#8221;simple&#8221; column_border_width=&#8221;none&#8221; column_border_style=&#8221;solid&#8221;][vc_column_text el_class=&#8221;text-small&#8221; text_direction=&#8221;default&#8221;]Kristelle Holliday et Ang\u00e8le S\u00e9guin, Th\u00e9\u00e2tre-\u00c9ducation : Pluralit\u00e9 des trajectoires. Groupe de Recherche sur l\u2019Enseignement du Th\u00e9\u00e2tre, \u00c9cole sup\u00e9rieure de th\u00e9\u00e2tre (UQAM), Montr\u00e9al, pages 14 \u00e0 149, 2017.[\/vc_column_text][\/vc_column_inner][\/vc_row_inner][divider line_type=&#8221;Full Width Line&#8221; line_thickness=&#8221;1&#8243; divider_color=&#8221;extra-color-3&#8243; custom_height=&#8221;20px&#8221;][vc_row_inner equal_height=&#8221;yes&#8221; content_placement=&#8221;top&#8221; column_margin=&#8221;default&#8221; column_direction=&#8221;default&#8221; column_direction_tablet=&#8221;default&#8221; column_direction_phone=&#8221;default&#8221; top_padding=&#8221;20px&#8221; text_align=&#8221;left&#8221; row_position=&#8221;default&#8221; row_position_tablet=&#8221;inherit&#8221; row_position_phone=&#8221;inherit&#8221; overflow=&#8221;visible&#8221; pointer_events=&#8221;all&#8221;][vc_column_inner column_padding=&#8221;no-extra-padding&#8221; column_padding_tablet=&#8221;inherit&#8221; column_padding_phone=&#8221;inherit&#8221; column_padding_position=&#8221;all&#8221; column_element_direction_desktop=&#8221;default&#8221; column_element_spacing=&#8221;default&#8221; desktop_text_alignment=&#8221;default&#8221; tablet_text_alignment=&#8221;default&#8221; phone_text_alignment=&#8221;default&#8221; background_color_opacity=&#8221;1&#8243; background_hover_color_opacity=&#8221;1&#8243; column_backdrop_filter=&#8221;none&#8221; column_shadow=&#8221;none&#8221; column_border_radius=&#8221;none&#8221; column_link_target=&#8221;_self&#8221; overflow=&#8221;visible&#8221; gradient_direction=&#8221;left_to_right&#8221; overlay_strength=&#8221;0.3&#8243; width=&#8221;1\/2&#8243; tablet_width_inherit=&#8221;default&#8221; animation_type=&#8221;default&#8221; bg_image_animation=&#8221;none&#8221; border_type=&#8221;simple&#8221; column_border_width=&#8221;none&#8221; column_border_style=&#8221;solid&#8221;][vc_column_text text_direction=&#8221;default&#8221;]<em><strong>La Grande Cueillette des Mots du Granit : une exp\u00e9rience de cr\u00e9ation th\u00e9\u00e2trale et de participation citoyenne innovante<\/strong><\/em>[\/vc_column_text][\/vc_column_inner][vc_column_inner column_padding=&#8221;no-extra-padding&#8221; column_padding_tablet=&#8221;inherit&#8221; column_padding_phone=&#8221;inherit&#8221; column_padding_position=&#8221;all&#8221; column_element_direction_desktop=&#8221;default&#8221; column_element_spacing=&#8221;default&#8221; desktop_text_alignment=&#8221;default&#8221; tablet_text_alignment=&#8221;default&#8221; phone_text_alignment=&#8221;default&#8221; background_color_opacity=&#8221;1&#8243; background_hover_color_opacity=&#8221;1&#8243; column_backdrop_filter=&#8221;none&#8221; column_shadow=&#8221;none&#8221; column_border_radius=&#8221;none&#8221; column_link_target=&#8221;_self&#8221; overflow=&#8221;visible&#8221; gradient_direction=&#8221;left_to_right&#8221; overlay_strength=&#8221;0.3&#8243; width=&#8221;1\/2&#8243; tablet_width_inherit=&#8221;default&#8221; animation_type=&#8221;default&#8221; bg_image_animation=&#8221;none&#8221; border_type=&#8221;simple&#8221; column_border_width=&#8221;none&#8221; column_border_style=&#8221;solid&#8221;][vc_column_text el_class=&#8221;text-small&#8221; text_direction=&#8221;default&#8221;]Ang\u00e8le S\u00e9guin avec la collaboration de Kristelle Holliday. Chapitre 22 du livre \u00ab Lac-M\u00e9gantic : de la trag\u00e9die&#8230; \u00e0 la r\u00e9silience \u00bb, Sous la direction de Danielle Roy et C\u00e9line Larin, Presses de l\u2019Universit\u00e9 de Qu\u00e9bec, 2016.[\/vc_column_text][\/vc_column_inner][\/vc_row_inner][divider line_type=&#8221;Full Width Line&#8221; line_thickness=&#8221;1&#8243; divider_color=&#8221;extra-color-3&#8243; custom_height=&#8221;20px&#8221;][vc_row_inner equal_height=&#8221;yes&#8221; content_placement=&#8221;top&#8221; column_margin=&#8221;default&#8221; column_direction=&#8221;default&#8221; column_direction_tablet=&#8221;default&#8221; column_direction_phone=&#8221;default&#8221; top_padding=&#8221;20px&#8221; text_align=&#8221;left&#8221; row_position=&#8221;default&#8221; row_position_tablet=&#8221;inherit&#8221; row_position_phone=&#8221;inherit&#8221; overflow=&#8221;visible&#8221; pointer_events=&#8221;all&#8221;][vc_column_inner column_padding=&#8221;no-extra-padding&#8221; column_padding_tablet=&#8221;inherit&#8221; column_padding_phone=&#8221;inherit&#8221; column_padding_position=&#8221;all&#8221; column_element_direction_desktop=&#8221;default&#8221; column_element_spacing=&#8221;default&#8221; desktop_text_alignment=&#8221;default&#8221; tablet_text_alignment=&#8221;default&#8221; phone_text_alignment=&#8221;default&#8221; background_color_opacity=&#8221;1&#8243; background_hover_color_opacity=&#8221;1&#8243; column_backdrop_filter=&#8221;none&#8221; column_shadow=&#8221;none&#8221; column_border_radius=&#8221;none&#8221; column_link_target=&#8221;_self&#8221; overflow=&#8221;visible&#8221; gradient_direction=&#8221;left_to_right&#8221; overlay_strength=&#8221;0.3&#8243; width=&#8221;1\/2&#8243; tablet_width_inherit=&#8221;default&#8221; animation_type=&#8221;default&#8221; bg_image_animation=&#8221;none&#8221; border_type=&#8221;simple&#8221; column_border_width=&#8221;none&#8221; column_border_style=&#8221;solid&#8221;][vc_column_text text_direction=&#8221;default&#8221;]<em><strong>Comme un grand trou dans le ventre : le point de vue des spectateurs<\/strong><\/em>[\/vc_column_text][\/vc_column_inner][vc_column_inner column_padding=&#8221;no-extra-padding&#8221; column_padding_tablet=&#8221;inherit&#8221; column_padding_phone=&#8221;inherit&#8221; column_padding_position=&#8221;all&#8221; column_element_direction_desktop=&#8221;default&#8221; column_element_spacing=&#8221;default&#8221; desktop_text_alignment=&#8221;default&#8221; tablet_text_alignment=&#8221;default&#8221; phone_text_alignment=&#8221;default&#8221; background_color_opacity=&#8221;1&#8243; background_hover_color_opacity=&#8221;1&#8243; column_backdrop_filter=&#8221;none&#8221; column_shadow=&#8221;none&#8221; column_border_radius=&#8221;none&#8221; column_link_target=&#8221;_self&#8221; overflow=&#8221;visible&#8221; gradient_direction=&#8221;left_to_right&#8221; overlay_strength=&#8221;0.3&#8243; width=&#8221;1\/2&#8243; tablet_width_inherit=&#8221;default&#8221; animation_type=&#8221;default&#8221; bg_image_animation=&#8221;none&#8221; border_type=&#8221;simple&#8221; column_border_width=&#8221;none&#8221; column_border_style=&#8221;solid&#8221;][vc_column_text el_class=&#8221;text-small&#8221; text_direction=&#8221;default&#8221;]Danielle Maltais, Manon Doucet et Pier-Olivier Bouchard, Chapitre 23 du livre \u00ab Lac-M\u00e9gantic : de la trag\u00e9die&#8230; \u00e0 la r\u00e9silience \u00bb, sous la direction de Danielle Roy et C\u00e9line Larin, Presses de l\u2019Universit\u00e9 de Qu\u00e9bec, 2016.[\/vc_column_text][\/vc_column_inner][\/vc_row_inner][divider line_type=&#8221;Full Width Line&#8221; line_thickness=&#8221;1&#8243; divider_color=&#8221;extra-color-3&#8243; custom_height=&#8221;20px&#8221;][vc_row_inner equal_height=&#8221;yes&#8221; content_placement=&#8221;top&#8221; column_margin=&#8221;default&#8221; column_direction=&#8221;default&#8221; column_direction_tablet=&#8221;default&#8221; column_direction_phone=&#8221;default&#8221; top_padding=&#8221;20px&#8221; text_align=&#8221;left&#8221; row_position=&#8221;default&#8221; row_position_tablet=&#8221;inherit&#8221; row_position_phone=&#8221;inherit&#8221; overflow=&#8221;visible&#8221; pointer_events=&#8221;all&#8221;][vc_column_inner column_padding=&#8221;no-extra-padding&#8221; column_padding_tablet=&#8221;inherit&#8221; column_padding_phone=&#8221;inherit&#8221; column_padding_position=&#8221;all&#8221; column_element_direction_desktop=&#8221;default&#8221; column_element_spacing=&#8221;default&#8221; desktop_text_alignment=&#8221;default&#8221; tablet_text_alignment=&#8221;default&#8221; phone_text_alignment=&#8221;default&#8221; background_color_opacity=&#8221;1&#8243; background_hover_color_opacity=&#8221;1&#8243; column_backdrop_filter=&#8221;none&#8221; column_shadow=&#8221;none&#8221; column_border_radius=&#8221;none&#8221; column_link_target=&#8221;_self&#8221; overflow=&#8221;visible&#8221; gradient_direction=&#8221;left_to_right&#8221; overlay_strength=&#8221;0.3&#8243; width=&#8221;1\/2&#8243; tablet_width_inherit=&#8221;default&#8221; animation_type=&#8221;default&#8221; bg_image_animation=&#8221;none&#8221; border_type=&#8221;simple&#8221; column_border_width=&#8221;none&#8221; column_border_style=&#8221;solid&#8221;][vc_column_text text_direction=&#8221;default&#8221;]<em><strong>Rep\u00e8res, th\u00e9\u00e2tre et sant\u00e9 sociale. La Grande Cueillette des Mots du Granit<\/strong><\/em>[\/vc_column_text][\/vc_column_inner][vc_column_inner column_padding=&#8221;no-extra-padding&#8221; column_padding_tablet=&#8221;inherit&#8221; column_padding_phone=&#8221;inherit&#8221; column_padding_position=&#8221;all&#8221; column_element_direction_desktop=&#8221;default&#8221; column_element_spacing=&#8221;default&#8221; desktop_text_alignment=&#8221;default&#8221; tablet_text_alignment=&#8221;default&#8221; phone_text_alignment=&#8221;default&#8221; background_color_opacity=&#8221;1&#8243; background_hover_color_opacity=&#8221;1&#8243; column_backdrop_filter=&#8221;none&#8221; column_shadow=&#8221;none&#8221; column_border_radius=&#8221;none&#8221; column_link_target=&#8221;_self&#8221; overflow=&#8221;visible&#8221; gradient_direction=&#8221;left_to_right&#8221; overlay_strength=&#8221;0.3&#8243; width=&#8221;1\/2&#8243; tablet_width_inherit=&#8221;default&#8221; animation_type=&#8221;default&#8221; bg_image_animation=&#8221;none&#8221; border_type=&#8221;simple&#8221; column_border_width=&#8221;none&#8221; column_border_style=&#8221;solid&#8221;][vc_column_text el_class=&#8221;text-small&#8221; text_direction=&#8221;default&#8221;]Revue Profession Sant\u00e9, DOSSIER. Montr\u00e9al \u2013 Janvier 2016, p. 10.[\/vc_column_text][\/vc_column_inner][\/vc_row_inner][divider line_type=&#8221;Full Width Line&#8221; line_thickness=&#8221;1&#8243; divider_color=&#8221;extra-color-3&#8243; custom_height=&#8221;20px&#8221;][vc_row_inner equal_height=&#8221;yes&#8221; content_placement=&#8221;top&#8221; column_margin=&#8221;default&#8221; column_direction=&#8221;default&#8221; column_direction_tablet=&#8221;default&#8221; column_direction_phone=&#8221;default&#8221; top_padding=&#8221;20px&#8221; text_align=&#8221;left&#8221; row_position=&#8221;default&#8221; row_position_tablet=&#8221;inherit&#8221; row_position_phone=&#8221;inherit&#8221; overflow=&#8221;visible&#8221; pointer_events=&#8221;all&#8221;][vc_column_inner column_padding=&#8221;no-extra-padding&#8221; column_padding_tablet=&#8221;inherit&#8221; column_padding_phone=&#8221;inherit&#8221; column_padding_position=&#8221;all&#8221; column_element_direction_desktop=&#8221;default&#8221; column_element_spacing=&#8221;default&#8221; desktop_text_alignment=&#8221;default&#8221; tablet_text_alignment=&#8221;default&#8221; phone_text_alignment=&#8221;default&#8221; background_color_opacity=&#8221;1&#8243; background_hover_color_opacity=&#8221;1&#8243; column_backdrop_filter=&#8221;none&#8221; column_shadow=&#8221;none&#8221; column_border_radius=&#8221;none&#8221; column_link_target=&#8221;_self&#8221; overflow=&#8221;visible&#8221; gradient_direction=&#8221;left_to_right&#8221; overlay_strength=&#8221;0.3&#8243; width=&#8221;1\/2&#8243; tablet_width_inherit=&#8221;default&#8221; animation_type=&#8221;default&#8221; bg_image_animation=&#8221;none&#8221; border_type=&#8221;simple&#8221; column_border_width=&#8221;none&#8221; column_border_style=&#8221;solid&#8221;][vc_column_text text_direction=&#8221;default&#8221;]<em><strong>The Great Harvest of Hopes\u2014Brazil 2010: Creating International Dialogue with Emerging Artists<\/strong><\/em>[\/vc_column_text][\/vc_column_inner][vc_column_inner column_padding=&#8221;no-extra-padding&#8221; column_padding_tablet=&#8221;inherit&#8221; column_padding_phone=&#8221;inherit&#8221; column_padding_position=&#8221;all&#8221; column_element_direction_desktop=&#8221;default&#8221; column_element_spacing=&#8221;default&#8221; desktop_text_alignment=&#8221;default&#8221; tablet_text_alignment=&#8221;default&#8221; phone_text_alignment=&#8221;default&#8221; background_color_opacity=&#8221;1&#8243; background_hover_color_opacity=&#8221;1&#8243; column_backdrop_filter=&#8221;none&#8221; column_shadow=&#8221;none&#8221; column_border_radius=&#8221;none&#8221; column_link_target=&#8221;_self&#8221; overflow=&#8221;visible&#8221; gradient_direction=&#8221;left_to_right&#8221; overlay_strength=&#8221;0.3&#8243; width=&#8221;1\/2&#8243; tablet_width_inherit=&#8221;default&#8221; animation_type=&#8221;default&#8221; bg_image_animation=&#8221;none&#8221; border_type=&#8221;simple&#8221; column_border_width=&#8221;none&#8221; column_border_style=&#8221;solid&#8221;][vc_column_text el_class=&#8221;text-small&#8221; text_direction=&#8221;default&#8221;]Translation by Catherine Graham, Canadian Theatre Review, University of Toronto Press, Hiver 2014.[\/vc_column_text][\/vc_column_inner][\/vc_row_inner][divider line_type=&#8221;Full Width Line&#8221; line_thickness=&#8221;1&#8243; divider_color=&#8221;extra-color-3&#8243; custom_height=&#8221;20px&#8221;][\/vc_column][\/vc_row][vc_row type=&#8221;full_width_background&#8221; full_screen_row_position=&#8221;middle&#8221; column_margin=&#8221;default&#8221; column_direction=&#8221;default&#8221; column_direction_tablet=&#8221;default&#8221; column_direction_phone=&#8221;default&#8221; scene_position=&#8221;center&#8221; top_padding=&#8221;60px&#8221; bottom_padding=&#8221;40px&#8221; top_padding_tablet=&#8221;100px&#8221; bottom_padding_tablet=&#8221;100px&#8221; text_color=&#8221;dark&#8221; text_align=&#8221;left&#8221; row_border_radius=&#8221;none&#8221; row_border_radius_applies=&#8221;bg&#8221; overflow=&#8221;visible&#8221; class=&#8221;magik-divider tpl-soutenir bg-contain&#8221; overlay_strength=&#8221;0.3&#8243; gradient_direction=&#8221;top_to_bottom&#8221; shape_divider_position=&#8221;bottom&#8221; bg_image_animation=&#8221;none&#8221; gradient_type=&#8221;default&#8221; shape_type=&#8221;&#8221;][vc_column column_padding=&#8221;no-extra-padding&#8221; column_padding_tablet=&#8221;inherit&#8221; column_padding_phone=&#8221;inherit&#8221; column_padding_position=&#8221;all&#8221; column_element_direction_desktop=&#8221;default&#8221; column_element_spacing=&#8221;default&#8221; desktop_text_alignment=&#8221;default&#8221; tablet_text_alignment=&#8221;default&#8221; phone_text_alignment=&#8221;default&#8221; background_color_opacity=&#8221;1&#8243; background_hover_color_opacity=&#8221;1&#8243; column_backdrop_filter=&#8221;none&#8221; column_shadow=&#8221;none&#8221; column_border_radius=&#8221;none&#8221; column_link_target=&#8221;_self&#8221; column_position=&#8221;default&#8221; gradient_direction=&#8221;left_to_right&#8221; overlay_strength=&#8221;0.3&#8243; width=&#8221;1\/1&#8243; tablet_width_inherit=&#8221;default&#8221; animation_type=&#8221;default&#8221; bg_image_animation=&#8221;none&#8221; border_type=&#8221;simple&#8221; column_border_width=&#8221;none&#8221; column_border_style=&#8221;solid&#8221;][vc_column_text text_direction=&#8221;default&#8221;]\n<h2><span style=\"color: #580c32;\">Conferences<\/span><\/h2>\n[\/vc_column_text][divider line_type=&#8221;Full Width Line&#8221; line_thickness=&#8221;1&#8243; divider_color=&#8221;extra-color-3&#8243;][\/vc_column][\/vc_row][vc_row type=&#8221;in_container&#8221; full_screen_row_position=&#8221;middle&#8221; column_margin=&#8221;default&#8221; column_direction=&#8221;default&#8221; column_direction_tablet=&#8221;default&#8221; column_direction_phone=&#8221;default&#8221; scene_position=&#8221;center&#8221; bottom_padding=&#8221;60px&#8221; text_color=&#8221;dark&#8221; text_align=&#8221;left&#8221; row_border_radius=&#8221;none&#8221; row_border_radius_applies=&#8221;bg&#8221; overflow=&#8221;visible&#8221; overlay_strength=&#8221;0.3&#8243; gradient_direction=&#8221;left_to_right&#8221; shape_divider_position=&#8221;bottom&#8221; bg_image_animation=&#8221;none&#8221; gradient_type=&#8221;default&#8221; shape_type=&#8221;&#8221;][vc_column column_padding=&#8221;no-extra-padding&#8221; column_padding_tablet=&#8221;inherit&#8221; column_padding_phone=&#8221;inherit&#8221; column_padding_position=&#8221;all&#8221; column_element_direction_desktop=&#8221;default&#8221; column_element_spacing=&#8221;default&#8221; desktop_text_alignment=&#8221;default&#8221; tablet_text_alignment=&#8221;default&#8221; phone_text_alignment=&#8221;default&#8221; background_color_opacity=&#8221;1&#8243; background_hover_color_opacity=&#8221;1&#8243; column_backdrop_filter=&#8221;none&#8221; column_shadow=&#8221;none&#8221; column_border_radius=&#8221;none&#8221; column_link_target=&#8221;_self&#8221; column_position=&#8221;default&#8221; gradient_direction=&#8221;left_to_right&#8221; overlay_strength=&#8221;0.3&#8243; width=&#8221;1\/2&#8243; tablet_width_inherit=&#8221;default&#8221; animation_type=&#8221;default&#8221; bg_image_animation=&#8221;none&#8221; border_type=&#8221;simple&#8221; column_border_width=&#8221;none&#8221; column_border_style=&#8221;solid&#8221;][vc_column_text text_direction=&#8221;default&#8221;]\n<ul>\n<li><span style=\"font-weight: 400;\">May 2, 2023: Presentation at the <strong>ACFAS on the P\u00f4le culturel du <\/strong><\/span><span style=\"font-weight: 400;\"><strong>Conseil de la culture de l&#8217;Estrie<\/strong> with Kristelle Holliday and Marianne Mondon of the <\/span><span style=\"font-weight: 400;\">Conseil de la culture de l&#8217;Estrie.<\/span><\/li>\n<\/ul>\n[\/vc_column_text][divider line_type=&#8221;No Line&#8221; custom_height=&#8221;20px&#8221;][vc_column_text text_direction=&#8221;default&#8221;]\n<ul>\n<li><span style=\"font-weight: 400;\">September 27, 2023: <strong>Quatre-Quarts presentation<\/strong> &#8211; bringing neighbourhoods to life <\/span><span style=\"font-weight: 400;\">as part of the Annual Conference on Municipal Recreation presented by the Association qu\u00e9b\u00e9coise du loisirs municipal ACFAS<\/span><\/li>\n<\/ul>\n[\/vc_column_text][divider line_type=&#8221;No Line&#8221; custom_height=&#8221;20px&#8221;][vc_column_text text_direction=&#8221;default&#8221;]\n<ul>\n<li><span style=\"font-weight: 400;\">Kristelle Holliday was invited to speak as part of a panel organised by CALQ at <strong>the Arts + the City conference<\/strong>, on the theme of distancing performances. The Th\u00e9\u00e2tre des Petites Lanternes was also invited to perform at the event.<\/span><\/li>\n<\/ul>\n[\/vc_column_text][divider line_type=&#8221;No Line&#8221; custom_height=&#8221;20px&#8221;][vc_column_text text_direction=&#8221;default&#8221;]\n<ul>\n<li><span style=\"font-weight: 400;\"><strong>The role art can play in building a sense of place<\/strong>. Kristelle Holliday, Open Engagement 2015: Place and Revolution, Pittsburgh, United States, 18 April 2015. <\/span><\/li>\n<\/ul>\n[\/vc_column_text][divider line_type=&#8221;No Line&#8221; custom_height=&#8221;20px&#8221;][vc_column_text text_direction=&#8221;default&#8221;]\n<ul>\n<li><span style=\"font-weight: 400;\"><strong>Friends with Benefits<\/strong>: Are creative collaborations between friends a good idea?, Kristelle Holliday, University of the Streets Caf\u00e9, Concordia University Montreal, December 2014. <\/span><\/li>\n<\/ul>\n[\/vc_column_text][divider line_type=&#8221;No Line&#8221; custom_height=&#8221;20px&#8221;][\/vc_column][vc_column column_padding=&#8221;no-extra-padding&#8221; column_padding_tablet=&#8221;inherit&#8221; column_padding_phone=&#8221;inherit&#8221; column_padding_position=&#8221;all&#8221; column_element_direction_desktop=&#8221;default&#8221; column_element_spacing=&#8221;default&#8221; desktop_text_alignment=&#8221;default&#8221; tablet_text_alignment=&#8221;default&#8221; phone_text_alignment=&#8221;default&#8221; background_color_opacity=&#8221;1&#8243; background_hover_color_opacity=&#8221;1&#8243; column_backdrop_filter=&#8221;none&#8221; column_shadow=&#8221;none&#8221; column_border_radius=&#8221;none&#8221; column_link_target=&#8221;_self&#8221; column_position=&#8221;default&#8221; gradient_direction=&#8221;left_to_right&#8221; overlay_strength=&#8221;0.3&#8243; width=&#8221;1\/2&#8243; tablet_width_inherit=&#8221;default&#8221; animation_type=&#8221;default&#8221; bg_image_animation=&#8221;none&#8221; border_type=&#8221;simple&#8221; column_border_width=&#8221;none&#8221; column_border_style=&#8221;solid&#8221;][vc_column_text text_direction=&#8221;default&#8221;]\n<ul>\n<li class=\"font_8 wixui-rich-text__text\"><span style=\"font-weight: 400;\">July 27, 2023: <strong>Panel on the role of the arts and artists in the ecological <\/strong><\/span><span style=\"font-weight: 400;\"><strong>transition at the Espace pour la Vie Biosph\u00e8re in Montr\u00e9a<\/strong>l, organized by the <\/span><span style=\"font-weight: 400;\">Campus de la transition \u00e9cologique. Kristelle Holliday, Nathan Biggs-Penton <\/span><span style=\"font-weight: 400;\">from Acting for Climate, Alexis Curodeau Coderre, formerly with the Campus de la <\/span><span style=\"font-weight: 400;\">transition \u00e9cologique and Julie B\u00e9lisle, the Biosph\u00e8re&#8217;s cultural officer.<\/span><\/li>\n<\/ul>\n[\/vc_column_text][divider line_type=&#8221;No Line&#8221; custom_height=&#8221;20px&#8221;][vc_column_text text_direction=&#8221;default&#8221;]\n<ul>\n<li class=\"font_8 wixui-rich-text__text\"><span style=\"font-weight: 400;\">March 5, 2024: <strong>Animation Hiverni-th\u00e9<\/strong>, a celebration of winter presented by <\/span><span style=\"font-weight: 400;\">the Campus de la transition \u00e9cologique with Les amis de la montagne.<\/span><\/li>\n<\/ul>\n[\/vc_column_text][divider line_type=&#8221;No Line&#8221; custom_height=&#8221;20px&#8221;][vc_column_text text_direction=&#8221;default&#8221;]\n<ul>\n<li class=\"font_8 wixui-rich-text__text\"><span style=\"font-weight: 400;\">Social theatre in the Democratic Republic of Congo: <strong>Solutions in the fight against violence against women<\/strong>. Ang\u00e8le S\u00e9guin, the Congolese artistic team and Maxime Allard from Oxfam-Qu\u00e9bec. Conference presented as part of the GRET lunchtime, UQAM, \u00c9cole sup\u00e9rieure de th\u00e9\u00e2tre, October 2017.<\/span><\/li>\n<\/ul>\n[\/vc_column_text][divider line_type=&#8221;No Line&#8221; custom_height=&#8221;20px&#8221;][vc_column_text text_direction=&#8221;default&#8221;]\n<ul>\n<li class=\"font_8 wixui-rich-text__text\"><span style=\"font-weight: 400;\"><strong>Les arts pour soutenir le changement social<\/strong>, Ang\u00e8le S\u00e9guin and Kristelle Holliday, Power of the Arts National Forum, Ottawa, November 7, 2015.<\/span><\/li>\n<\/ul>\n[\/vc_column_text][divider line_type=&#8221;No Line&#8221; custom_height=&#8221;20px&#8221;][vc_column_text text_direction=&#8221;default&#8221;]\n<ul>\n<li class=\"font_8 wixui-rich-text__text\"><span style=\"font-weight: 400;\"><strong>Intimate Aspirations: What is the role of the connections, relationships and friendships one makes through the creation of socially engaged art<\/strong>? Open Engagement, Kristelle Holliday and Ya\u00ebl Filipovic, New York, May 2014. <\/span><\/li>\n<\/ul>\n[\/vc_column_text][divider line_type=&#8221;No Line&#8221; custom_height=&#8221;20px&#8221;][\/vc_column][\/vc_row][vc_row type=&#8221;full_width_background&#8221; full_screen_row_position=&#8221;middle&#8221; column_margin=&#8221;default&#8221; column_direction=&#8221;default&#8221; column_direction_tablet=&#8221;default&#8221; column_direction_phone=&#8221;default&#8221; bg_image=&#8221;278&#8243; bg_position=&#8221;left top&#8221; background_image_loading=&#8221;default&#8221; bg_repeat=&#8221;no-repeat&#8221; scene_position=&#8221;center&#8221; bottom_padding=&#8221;80px&#8221; text_color=&#8221;dark&#8221; text_align=&#8221;left&#8221; row_border_radius=&#8221;none&#8221; row_border_radius_applies=&#8221;bg&#8221; overflow=&#8221;visible&#8221; class=&#8221;row-distinctions&#8221; disable_element=&#8221;yes&#8221; overlay_strength=&#8221;0.3&#8243; gradient_direction=&#8221;left_to_right&#8221; shape_divider_position=&#8221;bottom&#8221; bg_image_animation=&#8221;none&#8221; gradient_type=&#8221;default&#8221; shape_type=&#8221;&#8221;][vc_column column_padding=&#8221;no-extra-padding&#8221; column_padding_tablet=&#8221;inherit&#8221; column_padding_phone=&#8221;inherit&#8221; column_padding_position=&#8221;all&#8221; column_element_direction_desktop=&#8221;default&#8221; column_element_spacing=&#8221;default&#8221; desktop_text_alignment=&#8221;default&#8221; tablet_text_alignment=&#8221;default&#8221; phone_text_alignment=&#8221;default&#8221; background_color_opacity=&#8221;1&#8243; background_hover_color_opacity=&#8221;1&#8243; column_backdrop_filter=&#8221;none&#8221; column_shadow=&#8221;none&#8221; column_border_radius=&#8221;none&#8221; column_link_target=&#8221;_self&#8221; column_position=&#8221;default&#8221; gradient_direction=&#8221;left_to_right&#8221; overlay_strength=&#8221;0.3&#8243; width=&#8221;1\/1&#8243; tablet_width_inherit=&#8221;default&#8221; animation_type=&#8221;default&#8221; bg_image_animation=&#8221;none&#8221; border_type=&#8221;simple&#8221; column_border_width=&#8221;none&#8221; column_border_style=&#8221;solid&#8221; column_padding_type=&#8221;default&#8221; gradient_type=&#8221;default&#8221; offset=&#8221;vc_col-md-offset-2 vc_col-md-10&#8243;][vc_column_text text_direction=&#8221;default&#8221;]2022<br \/>\n<strong>Laureate Artist in the community<\/strong><\/p>\n<p><span style=\"font-weight: 400;\">Award presented to Kristelle Holliday by the Conseil des arts et des lettres du Qu\u00e9bec as part of the Prix Les Arts et la ville for the <\/span><i><span style=\"font-weight: 400;\">Quatre-Quarts<\/span><\/i><span style=\"font-weight: 400;\"> project.<\/span>[\/vc_column_text][vc_column_text text_direction=&#8221;default&#8221;]2022<br \/>\n<strong>Commemorative plaque<\/strong><\/p>\n<p><span style=\"font-weight: 400;\">Ang\u00e8le S\u00e9guin received a commemorative plaque from The Royal Canadian Legion &#8211; Branch 10 for the<\/span><i><span style=\"font-weight: 400;\"> Monarchs Project<\/span><\/i><span style=\"font-weight: 400;\">.<\/span>[\/vc_column_text][vc_column_text text_direction=&#8221;default&#8221;]2019<\/p>\n<p><strong>Finalist for the<\/strong><\/p>\n<p><strong>Prix Charles-Biddle<\/strong><\/p>\n<p><span style=\"font-weight: 400;\">Kristelle Holliday is nominated for the regional component of the Prix Charles-Biddle presented by Culture pour tous.<\/span>[\/vc_column_text][vc_column_text text_direction=&#8221;default&#8221;]2019<br \/>\n<strong>Conseil de la culture de l&#8217;Estrie Cultural Development Award<\/strong><\/p>\n<p><span style=\"font-weight: 400;\">Awarded to Th\u00e9\u00e2tre des Petites Lanternes for the <\/span><i><span style=\"font-weight: 400;\">Rivi\u00e8res de Lumi\u00e8res<\/span><\/i><span style=\"font-weight: 400;\"> festival. The<\/span><a href=\"https:\/\/www.facebook.com\/CultureEstrie\/\"> <span style=\"font-weight: 400;\">Conseil de la culture de l&#8217;Estrie<\/span><\/a><span style=\"font-weight: 400;\"> Cultural Development Award is sponsored by the<\/span><a href=\"https:\/\/www.facebook.com\/CDEC.de.Sherbrooke\/\"> <span style=\"font-weight: 400;\">CDEC de Sherbrooke<\/span><\/a><span style=\"font-weight: 400;\"> and<\/span><a href=\"https:\/\/www.facebook.com\/SNestrie\/\"> <span style=\"font-weight: 400;\">Soci\u00e9t\u00e9 nationale de l&#8217;Estrie<\/span><\/a><span style=\"font-weight: 400;\">.<\/span>[\/vc_column_text][vc_column_text text_direction=&#8221;default&#8221;]2019<br \/>\n<strong>M\u00e9rite Estrien<\/strong><\/p>\n<p><span style=\"font-weight: 400;\">This distinction is awarded to Kristelle Holliday for her outstanding achievements as general manager and co-artistic director of Th\u00e9\u00e2tre des Petites Lanternes.<\/span>[\/vc_column_text][vc_column_text text_direction=&#8221;default&#8221;]2018<br \/>\n<strong>Hector Fabre Prize<\/strong><\/p>\n<p><span style=\"font-weight: 400;\">Awarded at the Th\u00e9\u00e2tre des Petites Lanternes on June 18, 2019. This award recognizes the boldness and determination of Quebec organizations or individuals who have gained international recognition for their notable contribution to the development of their region<\/span>[\/vc_column_text][vc_column_text text_direction=&#8221;default&#8221;]2017<br \/>\n<strong>Andr\u00e9e-Daigle Citizen of Culture Award<\/strong><\/p>\n<p><span style=\"font-weight: 400;\">Th\u00e9\u00e2tre des Petites Lanternes was awarded the<\/span><a href=\"http:\/\/www.arts-ville.org\/cat\/prix\/citoyen-de-la-culture-andree-daigle\/\"><span style=\"font-weight: 400;\"> 2017 Citoyen de la culture Andr\u00e9e-Daigle<\/span><\/a><span style=\"font-weight: 400;\"> prize at the 30th annual colloquium of the<\/span><a href=\"http:\/\/www.arts-ville.org\/\"><span style=\"font-weight: 400;\"> Les Arts et la Ville<\/span><\/a><span style=\"font-weight: 400;\"> network for the project done in partnership with the MRC du Granit that led to the creation of the work <\/span><i><span style=\"font-weight: 400;\">Comme un grand trou dans le ventre<\/span><\/i><span style=\"font-weight: 400;\">. The purpose of this award is to raise public awareness of the commitment of cultural and community organizations that are partners in local development. It highlights the commitment of cultural or community organizations to innovative approaches to citizen participation that have a real impact on the community or social life of local communities.<\/span>[\/vc_column_text][vc_column_text text_direction=&#8221;default&#8221;]2016<br \/>\n<strong>Cultural Development Award from the Conseil de la culture de l&#8217;Estrie<\/strong><\/p>\n<p><span style=\"font-weight: 400;\">Awarded to Th\u00e9\u00e2tre des Petites Lanternes for the show &#8216;Comme un grand trou dans le ventre&#8217; from the Grande Cueillette des Mots du Granit. The<\/span><a href=\"https:\/\/www.facebook.com\/CultureEstrie\/\"> <span style=\"font-weight: 400;\">Conseil de la culture de l&#8217;Estrie<\/span><\/a><span style=\"font-weight: 400;\"> Cultural Development Award is sponsored by the<\/span><a href=\"https:\/\/www.facebook.com\/CDEC.de.Sherbrooke\/\"> <span style=\"font-weight: 400;\">CDEC de Sherbrooke<\/span><\/a><span style=\"font-weight: 400;\"> and<\/span><a href=\"https:\/\/www.facebook.com\/SNestrie\/\"> <span style=\"font-weight: 400;\">Soci\u00e9t\u00e9 nationale de l&#8217;Estrie<\/span><\/a><span style=\"font-weight: 400;\">.<\/span>[\/vc_column_text][vc_column_text text_direction=&#8221;default&#8221;]2009<br \/>\n<strong>Quebec Citizenship Award<\/strong><\/p>\n<p><span style=\"font-weight: 400;\">Awarded by the Quebec government&#8217;s Minister of Immigration and Cultural Communities, Yolande James, to the Th\u00e9\u00e2tre des Petites Lanternes. The award was presented in recognition of the R\u00e9sidence th\u00e9\u00e2trale TERRE project at the Centre d&#8217;\u00e9ducation aux adultes St-Michel, designed to facilitate the integration, francization and employability of immigrant women through the medium of theater. To realize this project, the Th\u00e9\u00e2tre des Petites Lanternes surrounded itself with five of its artists.<\/span>[\/vc_column_text][vc_column_text text_direction=&#8221;default&#8221;]2008<\/p>\n<p><span style=\"font-weight: 400;\"><strong>Mention from the Comit\u00e9 de vigilance et d&#8217;action pour l&#8217;harmonisation des relations interculturelles en Estrie<\/strong> (Vigilance and Action Committee for the Harmonization of Intercultural Relations in the Eastern Townships)<\/span><\/p>\n<p><span style=\"font-weight: 400;\">Awarded to Th\u00e9\u00e2tre des Petites Lanternes for its Projet TERRE.<\/span>[\/vc_column_text][vc_column_text text_direction=&#8221;default&#8221;]2007<br \/>\n<strong>Special mention at the Gala Reconnaissance Estrie<\/strong><\/p>\n<p><span style=\"font-weight: 400;\">The Th\u00e9\u00e2tre des Petites Lanternes received a special mention at the event organized by the Sherbrooke Chamber of Commerce and the Estrie Regional Chamber of Commerce as a social economy cultural enterprise, in particular for its first creation with the La Grande Cueillette des Mots creative process, and for the very significant integration impacts achieved with the TERRE project.<\/span>[\/vc_column_text][vc_column_text text_direction=&#8221;default&#8221;]2007<\/p>\n<p><strong>Platinum award from the Canadian Yellow Pages Group in partnership with the CDEC.<\/strong><\/p>\n<p><span style=\"font-weight: 400;\">Awarded to Th\u00e9\u00e2tre des Petites Lanternes as a social economy cultural enterprise.<\/span>[\/vc_column_text][divider line_type=&#8221;No Line&#8221; custom_height=&#8221;40px&#8221;][\/vc_column][\/vc_row]\n","protected":false},"excerpt":{"rendered":"<p>[vc_row type=&#8221;full_width_background&#8221; full_screen_row_position=&#8221;middle&#8221; column_margin=&#8221;default&#8221; column_direction=&#8221;default&#8221; column_direction_tablet=&#8221;default&#8221; column_direction_phone=&#8221;default&#8221; bg_image=&#8221;168&#8243; bg_position=&#8221;left top&#8221; background_image_loading=&#8221;default&#8221; bg_repeat=&#8221;no-repeat&#8221; scene_position=&#8221;center&#8221; top_padding=&#8221;140px&#8221; bottom_padding=&#8221;40px&#8221; text_color=&#8221;dark&#8221; text_align=&#8221;left&#8221; row_border_radius=&#8221;none&#8221; row_border_radius_applies=&#8221;bg&#8221; overflow=&#8221;visible&#8221; overlay_strength=&#8221;0.3&#8243; gradient_direction=&#8221;left_to_right&#8221; shape_divider_position=&#8221;bottom&#8221; bg_image_animation=&#8221;none&#8221; gradient_type=&#8221;default&#8221; shape_type=&#8221;&#8221;][vc_column column_padding=&#8221;no-extra-padding&#8221; column_padding_tablet=&#8221;inherit&#8221; column_padding_phone=&#8221;inherit&#8221; column_padding_position=&#8221;all&#8221;&#8230;<\/p>\n","protected":false},"author":5,"featured_media":0,"parent":0,"menu_order":0,"comment_status":"closed","ping_status":"closed","template":"","meta":{"_acf_changed":false,"footnotes":""},"class_list":["post-6127","page","type-page","status-publish"],"acf":[],"yoast_head":"<!-- This site is optimized with the Yoast SEO plugin v27.4 - https:\/\/yoast.com\/product\/yoast-seo-wordpress\/ -->\n<title>Impact - Th\u00e9\u00e2tre des Petites Lanternes<\/title>\n<meta name=\"robots\" content=\"index, follow, max-snippet:-1, max-image-preview:large, max-video-preview:-1\" \/>\n<link rel=\"canonical\" href=\"https:\/\/petiteslanternes.org\/en\/impact\/\" \/>\n<meta property=\"og:locale\" content=\"en_US\" \/>\n<meta property=\"og:type\" content=\"article\" \/>\n<meta property=\"og:title\" content=\"Impact - Th\u00e9\u00e2tre des Petites Lanternes\" \/>\n<meta property=\"og:description\" content=\"[vc_row type=&#8221;full_width_background&#8221; full_screen_row_position=&#8221;middle&#8221; column_margin=&#8221;default&#8221; column_direction=&#8221;default&#8221; column_direction_tablet=&#8221;default&#8221; column_direction_phone=&#8221;default&#8221; bg_image=&#8221;168&#8243; bg_position=&#8221;left top&#8221; background_image_loading=&#8221;default&#8221; bg_repeat=&#8221;no-repeat&#8221; scene_position=&#8221;center&#8221; top_padding=&#8221;140px&#8221; bottom_padding=&#8221;40px&#8221; text_color=&#8221;dark&#8221; text_align=&#8221;left&#8221; row_border_radius=&#8221;none&#8221; row_border_radius_applies=&#8221;bg&#8221; overflow=&#8221;visible&#8221; overlay_strength=&#8221;0.3&#8243; gradient_direction=&#8221;left_to_right&#8221; shape_divider_position=&#8221;bottom&#8221; bg_image_animation=&#8221;none&#8221; gradient_type=&#8221;default&#8221; shape_type=&#8221;&#8221;][vc_column column_padding=&#8221;no-extra-padding&#8221; column_padding_tablet=&#8221;inherit&#8221; column_padding_phone=&#8221;inherit&#8221; column_padding_position=&#8221;all&#8221;...\" \/>\n<meta property=\"og:url\" content=\"https:\/\/petiteslanternes.org\/en\/impact\/\" \/>\n<meta property=\"og:site_name\" content=\"Th\u00e9\u00e2tre des Petites Lanternes\" \/>\n<meta property=\"article:publisher\" content=\"https:\/\/www.facebook.com\/PetitesLanternes\" \/>\n<meta property=\"article:modified_time\" content=\"2025-01-16T15:17:02+00:00\" \/>\n<meta name=\"twitter:card\" content=\"summary_large_image\" \/>\n<meta name=\"twitter:label1\" content=\"Est. reading time\" \/>\n\t<meta name=\"twitter:data1\" content=\"28 minutes\" \/>\n<script type=\"application\/ld+json\" class=\"yoast-schema-graph\">{\"@context\":\"https:\\\/\\\/schema.org\",\"@graph\":[{\"@type\":\"WebPage\",\"@id\":\"https:\\\/\\\/petiteslanternes.org\\\/en\\\/impact\\\/\",\"url\":\"https:\\\/\\\/petiteslanternes.org\\\/en\\\/impact\\\/\",\"name\":\"Impact - Th\u00e9\u00e2tre des Petites Lanternes\",\"isPartOf\":{\"@id\":\"https:\\\/\\\/petiteslanternes.org\\\/#website\"},\"datePublished\":\"2024-02-07T21:31:56+00:00\",\"dateModified\":\"2025-01-16T15:17:02+00:00\",\"breadcrumb\":{\"@id\":\"https:\\\/\\\/petiteslanternes.org\\\/en\\\/impact\\\/#breadcrumb\"},\"inLanguage\":\"en-US\",\"potentialAction\":[{\"@type\":\"ReadAction\",\"target\":[\"https:\\\/\\\/petiteslanternes.org\\\/en\\\/impact\\\/\"]}]},{\"@type\":\"BreadcrumbList\",\"@id\":\"https:\\\/\\\/petiteslanternes.org\\\/en\\\/impact\\\/#breadcrumb\",\"itemListElement\":[{\"@type\":\"ListItem\",\"position\":1,\"name\":\"Accueil\",\"item\":\"https:\\\/\\\/petiteslanternes.org\\\/en\\\/home\\\/\"},{\"@type\":\"ListItem\",\"position\":2,\"name\":\"Impact\"}]},{\"@type\":\"WebSite\",\"@id\":\"https:\\\/\\\/petiteslanternes.org\\\/#website\",\"url\":\"https:\\\/\\\/petiteslanternes.org\\\/\",\"name\":\"Th\u00e9\u00e2tre des Petites Lanternes\",\"description\":\"\",\"publisher\":{\"@id\":\"https:\\\/\\\/petiteslanternes.org\\\/#organization\"},\"potentialAction\":[{\"@type\":\"SearchAction\",\"target\":{\"@type\":\"EntryPoint\",\"urlTemplate\":\"https:\\\/\\\/petiteslanternes.org\\\/?s={search_term_string}\"},\"query-input\":{\"@type\":\"PropertyValueSpecification\",\"valueRequired\":true,\"valueName\":\"search_term_string\"}}],\"inLanguage\":\"en-US\"},{\"@type\":\"Organization\",\"@id\":\"https:\\\/\\\/petiteslanternes.org\\\/#organization\",\"name\":\"Th\u00e9\u00e2tre des Petites Lanternes\",\"url\":\"https:\\\/\\\/petiteslanternes.org\\\/\",\"logo\":{\"@type\":\"ImageObject\",\"inLanguage\":\"en-US\",\"@id\":\"https:\\\/\\\/petiteslanternes.org\\\/#\\\/schema\\\/logo\\\/image\\\/\",\"url\":\"https:\\\/\\\/petiteslanternes.org\\\/wp-content\\\/uploads\\\/2024\\\/11\\\/TPl_transparent1.png\",\"contentUrl\":\"https:\\\/\\\/petiteslanternes.org\\\/wp-content\\\/uploads\\\/2024\\\/11\\\/TPl_transparent1.png\",\"width\":250,\"height\":250,\"caption\":\"Th\u00e9\u00e2tre des Petites Lanternes\"},\"image\":{\"@id\":\"https:\\\/\\\/petiteslanternes.org\\\/#\\\/schema\\\/logo\\\/image\\\/\"},\"sameAs\":[\"https:\\\/\\\/www.facebook.com\\\/PetitesLanternes\",\"https:\\\/\\\/www.instagram.com\\\/petiteslanternes\\\/\"]}]}<\/script>\n<!-- \/ Yoast SEO plugin. -->","yoast_head_json":{"title":"Impact - Th\u00e9\u00e2tre des Petites Lanternes","robots":{"index":"index","follow":"follow","max-snippet":"max-snippet:-1","max-image-preview":"max-image-preview:large","max-video-preview":"max-video-preview:-1"},"canonical":"https:\/\/petiteslanternes.org\/en\/impact\/","og_locale":"en_US","og_type":"article","og_title":"Impact - Th\u00e9\u00e2tre des Petites Lanternes","og_description":"[vc_row type=&#8221;full_width_background&#8221; full_screen_row_position=&#8221;middle&#8221; column_margin=&#8221;default&#8221; column_direction=&#8221;default&#8221; column_direction_tablet=&#8221;default&#8221; column_direction_phone=&#8221;default&#8221; bg_image=&#8221;168&#8243; bg_position=&#8221;left top&#8221; background_image_loading=&#8221;default&#8221; bg_repeat=&#8221;no-repeat&#8221; scene_position=&#8221;center&#8221; top_padding=&#8221;140px&#8221; bottom_padding=&#8221;40px&#8221; text_color=&#8221;dark&#8221; text_align=&#8221;left&#8221; row_border_radius=&#8221;none&#8221; row_border_radius_applies=&#8221;bg&#8221; overflow=&#8221;visible&#8221; overlay_strength=&#8221;0.3&#8243; gradient_direction=&#8221;left_to_right&#8221; shape_divider_position=&#8221;bottom&#8221; bg_image_animation=&#8221;none&#8221; gradient_type=&#8221;default&#8221; shape_type=&#8221;&#8221;][vc_column column_padding=&#8221;no-extra-padding&#8221; column_padding_tablet=&#8221;inherit&#8221; column_padding_phone=&#8221;inherit&#8221; column_padding_position=&#8221;all&#8221;...","og_url":"https:\/\/petiteslanternes.org\/en\/impact\/","og_site_name":"Th\u00e9\u00e2tre des Petites Lanternes","article_publisher":"https:\/\/www.facebook.com\/PetitesLanternes","article_modified_time":"2025-01-16T15:17:02+00:00","twitter_card":"summary_large_image","twitter_misc":{"Est. reading time":"28 minutes"},"schema":{"@context":"https:\/\/schema.org","@graph":[{"@type":"WebPage","@id":"https:\/\/petiteslanternes.org\/en\/impact\/","url":"https:\/\/petiteslanternes.org\/en\/impact\/","name":"Impact - Th\u00e9\u00e2tre des Petites Lanternes","isPartOf":{"@id":"https:\/\/petiteslanternes.org\/#website"},"datePublished":"2024-02-07T21:31:56+00:00","dateModified":"2025-01-16T15:17:02+00:00","breadcrumb":{"@id":"https:\/\/petiteslanternes.org\/en\/impact\/#breadcrumb"},"inLanguage":"en-US","potentialAction":[{"@type":"ReadAction","target":["https:\/\/petiteslanternes.org\/en\/impact\/"]}]},{"@type":"BreadcrumbList","@id":"https:\/\/petiteslanternes.org\/en\/impact\/#breadcrumb","itemListElement":[{"@type":"ListItem","position":1,"name":"Accueil","item":"https:\/\/petiteslanternes.org\/en\/home\/"},{"@type":"ListItem","position":2,"name":"Impact"}]},{"@type":"WebSite","@id":"https:\/\/petiteslanternes.org\/#website","url":"https:\/\/petiteslanternes.org\/","name":"Th\u00e9\u00e2tre des Petites Lanternes","description":"","publisher":{"@id":"https:\/\/petiteslanternes.org\/#organization"},"potentialAction":[{"@type":"SearchAction","target":{"@type":"EntryPoint","urlTemplate":"https:\/\/petiteslanternes.org\/?s={search_term_string}"},"query-input":{"@type":"PropertyValueSpecification","valueRequired":true,"valueName":"search_term_string"}}],"inLanguage":"en-US"},{"@type":"Organization","@id":"https:\/\/petiteslanternes.org\/#organization","name":"Th\u00e9\u00e2tre des Petites Lanternes","url":"https:\/\/petiteslanternes.org\/","logo":{"@type":"ImageObject","inLanguage":"en-US","@id":"https:\/\/petiteslanternes.org\/#\/schema\/logo\/image\/","url":"https:\/\/petiteslanternes.org\/wp-content\/uploads\/2024\/11\/TPl_transparent1.png","contentUrl":"https:\/\/petiteslanternes.org\/wp-content\/uploads\/2024\/11\/TPl_transparent1.png","width":250,"height":250,"caption":"Th\u00e9\u00e2tre des Petites Lanternes"},"image":{"@id":"https:\/\/petiteslanternes.org\/#\/schema\/logo\/image\/"},"sameAs":["https:\/\/www.facebook.com\/PetitesLanternes","https:\/\/www.instagram.com\/petiteslanternes\/"]}]}},"_links":{"self":[{"href":"https:\/\/petiteslanternes.org\/en\/wp-json\/wp\/v2\/pages\/6127","targetHints":{"allow":["GET"]}}],"collection":[{"href":"https:\/\/petiteslanternes.org\/en\/wp-json\/wp\/v2\/pages"}],"about":[{"href":"https:\/\/petiteslanternes.org\/en\/wp-json\/wp\/v2\/types\/page"}],"author":[{"embeddable":true,"href":"https:\/\/petiteslanternes.org\/en\/wp-json\/wp\/v2\/users\/5"}],"replies":[{"embeddable":true,"href":"https:\/\/petiteslanternes.org\/en\/wp-json\/wp\/v2\/comments?post=6127"}],"version-history":[{"count":7,"href":"https:\/\/petiteslanternes.org\/en\/wp-json\/wp\/v2\/pages\/6127\/revisions"}],"predecessor-version":[{"id":6956,"href":"https:\/\/petiteslanternes.org\/en\/wp-json\/wp\/v2\/pages\/6127\/revisions\/6956"}],"wp:attachment":[{"href":"https:\/\/petiteslanternes.org\/en\/wp-json\/wp\/v2\/media?parent=6127"}],"curies":[{"name":"wp","href":"https:\/\/api.w.org\/{rel}","templated":true}]}}